{"id":1336,"date":"2015-12-14T12:24:43","date_gmt":"2015-12-14T12:24:43","guid":{"rendered":"https:\/\/www.becker.w15l.t4n.io\/charterlift\/?page_id=1336"},"modified":"2022-06-29T10:18:51","modified_gmt":"2022-06-29T08:18:51","slug":"gebrauchte-used-machines","status":"publish","type":"page","link":"https:\/\/www.becker.w15l.t4n.io\/charterlift\/gebrauchte-used-machines\/","title":{"rendered":"Gebrauchte \/ used machine"},"content":{"rendered":"<h3><em>CharterLift<\/em>:<\/h3>\r\n<h3><a href=\"http:\/\/www.mascus.de\/charterlift-gmbh\/29c66e39,1,createdate_desc,searchdealer.html\" target=\"_blank\" rel=\"noopener noreferrer\">&gt;&gt;&gt;&gt;&gt;&gt;&gt;&gt;&gt;&gt;CLICK HERE\u00a0 f\u00fcr\u00a0unsere Gebrauchten \/ to our\u00a0USED MACHINE&lt;&lt;&lt;&lt;&lt;&lt;&lt;&lt;&lt;&lt;<\/a><\/h3>\r\n&nbsp;\r\n\r\n<strong><em>Gebrauchtger\u00e4tekauf\u00a0ist immer auch\u00a0Vertrauenssache!<\/em><\/strong>\r\n\r\n<p>Deshalb schauen wir schon beim Ankauf\u00a0genau hin.<\/p>\r\n\r\n\r\n<img loading=\"lazy\" class=\"alignnone wp-image-1954\" src=\"https:\/\/www.becker.w15l.t4n.io\/charterlift\/wp-content\/uploads\/2018\/02\/WT-220-2-1024x651.jpg\" alt=\"\" width=\"302\" height=\"192\" srcset=\"https:\/\/www.becker.w15l.t4n.io\/charterlift\/wp-content\/uploads\/2018\/02\/WT-220-2-1024x651.jpg 1024w, https:\/\/www.becker.w15l.t4n.io\/charterlift\/wp-content\/uploads\/2018\/02\/WT-220-2-472x300.jpg 472w, https:\/\/www.becker.w15l.t4n.io\/charterlift\/wp-content\/uploads\/2018\/02\/WT-220-2-300x191.jpg 300w, https:\/\/www.becker.w15l.t4n.io\/charterlift\/wp-content\/uploads\/2018\/02\/WT-220-2-768x489.jpg 768w, https:\/\/www.becker.w15l.t4n.io\/charterlift\/wp-content\/uploads\/2018\/02\/WT-220-2.jpg 1443w\" sizes=\"(max-width: 302px) 100vw, 302px\" \/>\u00a0\u00a0\u00a0 <img loading=\"lazy\" class=\"alignnone wp-image-2355\" src=\"https:\/\/www.becker.w15l.t4n.io\/charterlift\/wp-content\/uploads\/2020\/01\/klubb-517.jpg\" alt=\"\" width=\"275\" height=\"196\" srcset=\"https:\/\/www.becker.w15l.t4n.io\/charterlift\/wp-content\/uploads\/2020\/01\/klubb-517.jpg 1024w, https:\/\/www.becker.w15l.t4n.io\/charterlift\/wp-content\/uploads\/2020\/01\/klubb-517-300x214.jpg 300w, https:\/\/www.becker.w15l.t4n.io\/charterlift\/wp-content\/uploads\/2020\/01\/klubb-517-420x300.jpg 420w, https:\/\/www.becker.w15l.t4n.io\/charterlift\/wp-content\/uploads\/2020\/01\/klubb-517-768x548.jpg 768w\" sizes=\"(max-width: 275px) 100vw, 275px\" \/>\r\n\r\n<img loading=\"lazy\" class=\"alignnone wp-image-1950\" src=\"https:\/\/www.becker.w15l.t4n.io\/charterlift\/wp-content\/uploads\/2018\/02\/t420.jpg\" alt=\"\" width=\"302\" height=\"184\" srcset=\"https:\/\/www.becker.w15l.t4n.io\/charterlift\/wp-content\/uploads\/2018\/02\/t420.jpg 915w, https:\/\/www.becker.w15l.t4n.io\/charterlift\/wp-content\/uploads\/2018\/02\/t420-492x300.jpg 492w, https:\/\/www.becker.w15l.t4n.io\/charterlift\/wp-content\/uploads\/2018\/02\/t420-300x183.jpg 300w, https:\/\/www.becker.w15l.t4n.io\/charterlift\/wp-content\/uploads\/2018\/02\/t420-768x468.jpg 768w\" sizes=\"(max-width: 302px) 100vw, 302px\" \/>\u00a0\u00a0\u00a0 <img loading=\"lazy\" class=\"alignnone wp-image-1952\" src=\"https:\/\/www.becker.w15l.t4n.io\/charterlift\/wp-content\/uploads\/2018\/02\/WT-180-1-2.jpg\" alt=\"\" width=\"304\" height=\"181\" srcset=\"https:\/\/www.becker.w15l.t4n.io\/charterlift\/wp-content\/uploads\/2018\/02\/WT-180-1-2.jpg 650w, https:\/\/www.becker.w15l.t4n.io\/charterlift\/wp-content\/uploads\/2018\/02\/WT-180-1-2-504x300.jpg 504w, https:\/\/www.becker.w15l.t4n.io\/charterlift\/wp-content\/uploads\/2018\/02\/WT-180-1-2-300x179.jpg 300w\" sizes=\"(max-width: 304px) 100vw, 304px\" \/>\r\n\r\n<p>\r\nWir pr\u00fcfen den Zustand der Ger\u00e4te sehr sorgf\u00e4ltig, damit wir den Preis und den Aufarbeitungsaufwand sowohl K\u00e4ufer wie auch\u00a0Verk\u00e4ufer, sachlich darlegen k\u00f6nnen.\r\n\r\nUnsere Kunden erwarten zurecht einen fairen Ankaufs- und einen marktgerechten Verkaufspreis.\r\n\r\n30 Jahre Erfahrung und unz\u00e4hlige positive R\u00fcckmeldungen von Kunden im In- und Ausland best\u00e4rken uns den eingeschlagenen, qualit\u00e4tsorientierten Weg konsequent weiter zu gehen.\r\n\r\nWenn Sie eine gebrauchte Arbeitsb\u00fchne <strong>an uns oder \u00fcber uns verkaufen<\/strong> wollen, f\u00fcllen Sie einfach dieses <a href=\"https:\/\/www.becker.w15l.t4n.io\/charterlift\/wp-content\/uploads\/2018\/03\/Ger\u00e4tedatenformular-03-18.pdf\">&gt;&gt;Ger\u00e4tedatenformular&lt;&lt;<\/a> aus und senden es uns zu. <\/p>\r\n\r\n\r\n<img loading=\"lazy\" class=\"alignnone wp-image-2351\" src=\"https:\/\/www.becker.w15l.t4n.io\/charterlift\/wp-content\/uploads\/2020\/01\/20191223_150412-1024x576.jpg\" alt=\"\" width=\"882\" height=\"496\" srcset=\"https:\/\/www.becker.w15l.t4n.io\/charterlift\/wp-content\/uploads\/2020\/01\/20191223_150412-1024x576.jpg 1024w, https:\/\/www.becker.w15l.t4n.io\/charterlift\/wp-content\/uploads\/2020\/01\/20191223_150412-300x169.jpg 300w, https:\/\/www.becker.w15l.t4n.io\/charterlift\/wp-content\/uploads\/2020\/01\/20191223_150412-533x300.jpg 533w, https:\/\/www.becker.w15l.t4n.io\/charterlift\/wp-content\/uploads\/2020\/01\/20191223_150412-768x432.jpg 768w, https:\/\/www.becker.w15l.t4n.io\/charterlift\/wp-content\/uploads\/2020\/01\/20191223_150412-1536x864.jpg 1536w, https:\/\/www.becker.w15l.t4n.io\/charterlift\/wp-content\/uploads\/2020\/01\/20191223_150412-2048x1152.jpg 2048w\" sizes=\"(max-width: 882px) 100vw, 882px\" \/>\r\n\r\n&nbsp;\r\n\r\nEine Vielzahl von Industrieger\u00e4ten und Staplern (neu und gebraucht) stehen direkt ab Lager zum verkauf.\r\n<div class=\"result-shield-container tlid-copy-target\" tabindex=\"0\"><span class=\"tlid-translation translation\" lang=\"en\" tabindex=\"-1\"><span title=\"\">A large number of Industrial platforms and forklifts (new and used) are available for sale directly from stock.<\/span><\/span><\/div>\r\n<div tabindex=\"0\"><\/div>\r\n<div id=\"AppleMailSignature\"><img loading=\"lazy\" class=\" wp-image-1316 aligncenter\" src=\"https:\/\/www.becker.w15l.t4n.io\/charterlift\/wp-content\/uploads\/englsiche-flagge-300x180.png\" alt=\"englsiche flagge\" width=\"107\" height=\"64\" srcset=\"https:\/\/www.becker.w15l.t4n.io\/charterlift\/wp-content\/uploads\/englsiche-flagge-300x180.png 300w, https:\/\/www.becker.w15l.t4n.io\/charterlift\/wp-content\/uploads\/englsiche-flagge.png 400w\" sizes=\"(max-width: 107px) 100vw, 107px\" \/><span id=\"result_box\" class=\"short_text\" lang=\"en\"><\/span><\/div>\r\n<div><\/div>\r\n<div><strong><span id=\"result_box\" class=\"short_text\" lang=\"en\">Used equipment purchase is always a matter of trust!<\/span><\/strong><\/div>\r\nCharterLift buys, sells and transmits, used machines from all well established manufacturer.\r\n<div id=\"AppleMailSignature\">\r\n<p style=\"text-align: justify;\">We are proving the condition of all machines neatly \u00a0before they get bought, so that we can explain the seller and the buyer\u00a0the purchase price and the processing costs factually. Our customers prefer <span id=\"result_box\" lang=\"en\">a fair purchase price and a fair market price\u00a0<\/span>for their machineries.<\/p>\r\n<p style=\"text-align: justify;\">All of the machines are present with a <span id=\"result_box\" class=\"short_text\" lang=\"en\">current T\u00dcV examination<\/span>. Thirty years of practical knowledge, and a huge amount of positive feedbacks of all the customers fare and near, strengthen us to keep on going our quality oriented way.<\/p>\r\n\r\n<\/div>","protected":false},"excerpt":{"rendered":"<p>CharterLift: &gt;&gt;&gt;&gt;&gt;&gt;&gt;&gt;&gt;&gt;CLICK HERE\u00a0 f\u00fcr\u00a0unsere Gebrauchten \/ to our\u00a0USED MACHINE&lt;&lt;&lt;&lt;&lt;&lt;&lt;&lt;&lt;&lt; &nbsp; Gebrauchtger\u00e4tekauf\u00a0ist immer auch\u00a0Vertrauenssache! Deshalb schauen wir schon beim Ankauf\u00a0genau hin. \u00a0\u00a0\u00a0 \u00a0\u00a0\u00a0 Wir pr\u00fcfen den Zustand der Ger\u00e4te sehr sorgf\u00e4ltig, damit wir den Preis und den Aufarbeitungsaufwand sowohl K\u00e4ufer wie auch\u00a0Verk\u00e4ufer, sachlich darlegen k\u00f6nnen. Unsere Kunden erwarten zurecht einen fairen Ankaufs- und einen marktgerechten Verkaufspreis. [&hellip;]<\/p>\n","protected":false},"author":2,"featured_media":0,"parent":0,"menu_order":3,"comment_status":"closed","ping_status":"closed","template":"","meta":[],"yoast_head":"<!-- This site is optimized with the Yoast SEO plugin v19.6.1 - https:\/\/yoast.com\/wordpress\/plugins\/seo\/ -->\n<title>Gebrauchte \/ used machine - Charter Lift<\/title>\n<meta name=\"robots\" content=\"index, follow, max-snippet:-1, max-image-preview:large, max-video-preview:-1\" \/>\n<link rel=\"canonical\" href=\"https:\/\/www.becker.w15l.t4n.io\/charterlift\/gebrauchte-used-machines\/\" \/>\n<meta property=\"og:locale\" content=\"de_DE\" \/>\n<meta property=\"og:type\" content=\"article\" \/>\n<meta property=\"og:title\" content=\"Gebrauchte \/ used machine - Charter Lift\" \/>\n<meta property=\"og:description\" content=\"CharterLift: &gt;&gt;&gt;&gt;&gt;&gt;&gt;&gt;&gt;&gt;CLICK HERE\u00a0 f\u00fcr\u00a0unsere Gebrauchten \/ to our\u00a0USED MACHINE&lt;&lt;&lt;&lt;&lt;&lt;&lt;&lt;&lt;&lt; &nbsp; Gebrauchtger\u00e4tekauf\u00a0ist immer auch\u00a0Vertrauenssache! Deshalb schauen wir schon beim Ankauf\u00a0genau hin. \u00a0\u00a0\u00a0 \u00a0\u00a0\u00a0 Wir pr\u00fcfen den Zustand der Ger\u00e4te sehr sorgf\u00e4ltig, damit wir den Preis und den Aufarbeitungsaufwand sowohl K\u00e4ufer wie auch\u00a0Verk\u00e4ufer, sachlich darlegen k\u00f6nnen. Unsere Kunden erwarten zurecht einen fairen Ankaufs- und einen marktgerechten Verkaufspreis. [&hellip;]\" \/>\n<meta property=\"og:url\" content=\"https:\/\/www.becker.w15l.t4n.io\/charterlift\/gebrauchte-used-machines\/\" \/>\n<meta property=\"og:site_name\" content=\"Charter Lift\" \/>\n<meta property=\"article:modified_time\" content=\"2022-06-29T08:18:51+00:00\" \/>\n<meta property=\"og:image\" content=\"https:\/\/www.becker.w15l.t4n.io\/charterlift\/wp-content\/uploads\/2018\/02\/WT-220-2-1024x651.jpg\" \/>\n<meta name=\"twitter:card\" content=\"summary_large_image\" \/>\n<meta name=\"twitter:label1\" content=\"Gesch\u00e4tzte Lesezeit\" \/>\n\t<meta name=\"twitter:data1\" content=\"1\u00a0Minute\" \/>\n<script type=\"application\/ld+json\" class=\"yoast-schema-graph\">{\"@context\":\"https:\/\/schema.org\",\"@graph\":[{\"@type\":\"WebPage\",\"@id\":\"https:\/\/www.becker.w15l.t4n.io\/charterlift\/gebrauchte-used-machines\/\",\"url\":\"https:\/\/www.becker.w15l.t4n.io\/charterlift\/gebrauchte-used-machines\/\",\"name\":\"Gebrauchte \/ used machine - Charter Lift\",\"isPartOf\":{\"@id\":\"https:\/\/www.becker.w15l.t4n.io\/charterlift\/#website\"},\"datePublished\":\"2015-12-14T12:24:43+00:00\",\"dateModified\":\"2022-06-29T08:18:51+00:00\",\"breadcrumb\":{\"@id\":\"https:\/\/www.becker.w15l.t4n.io\/charterlift\/gebrauchte-used-machines\/#breadcrumb\"},\"inLanguage\":\"de\",\"potentialAction\":[{\"@type\":\"ReadAction\",\"target\":[\"https:\/\/www.becker.w15l.t4n.io\/charterlift\/gebrauchte-used-machines\/\"]}]},{\"@type\":\"BreadcrumbList\",\"@id\":\"https:\/\/www.becker.w15l.t4n.io\/charterlift\/gebrauchte-used-machines\/#breadcrumb\",\"itemListElement\":[{\"@type\":\"ListItem\",\"position\":1,\"name\":\"Startseite\",\"item\":\"https:\/\/www.becker.w15l.t4n.io\/charterlift\/\"},{\"@type\":\"ListItem\",\"position\":2,\"name\":\"Gebrauchte \/ used machine\"}]},{\"@type\":\"WebSite\",\"@id\":\"https:\/\/www.becker.w15l.t4n.io\/charterlift\/#website\",\"url\":\"https:\/\/www.becker.w15l.t4n.io\/charterlift\/\",\"name\":\"Charter Lift\",\"description\":\"Systemdienstleister f\u00fcr modernste, mobile Zugangs- und Hebetechnik\",\"publisher\":{\"@id\":\"https:\/\/www.becker.w15l.t4n.io\/charterlift\/#organization\"},\"potentialAction\":[{\"@type\":\"SearchAction\",\"target\":{\"@type\":\"EntryPoint\",\"urlTemplate\":\"https:\/\/www.becker.w15l.t4n.io\/charterlift\/?s={search_term_string}\"},\"query-input\":\"required name=search_term_string\"}],\"inLanguage\":\"de\"},{\"@type\":\"Organization\",\"@id\":\"https:\/\/www.becker.w15l.t4n.io\/charterlift\/#organization\",\"name\":\"CharterLift\",\"url\":\"https:\/\/www.becker.w15l.t4n.io\/charterlift\/\",\"sameAs\":[],\"logo\":{\"@type\":\"ImageObject\",\"inLanguage\":\"de\",\"@id\":\"https:\/\/www.becker.w15l.t4n.io\/charterlift\/#\/schema\/logo\/image\/\",\"url\":\"https:\/\/www.becker.w15l.t4n.io\/charterlift\/wp-content\/uploads\/charterlift-logo.png\",\"contentUrl\":\"https:\/\/www.becker.w15l.t4n.io\/charterlift\/wp-content\/uploads\/charterlift-logo.png\",\"width\":200,\"height\":131,\"caption\":\"CharterLift\"},\"image\":{\"@id\":\"https:\/\/www.becker.w15l.t4n.io\/charterlift\/#\/schema\/logo\/image\/\"}}]}<\/script>\n<!-- \/ Yoast SEO plugin. -->","yoast_head_json":{"title":"Gebrauchte \/ used machine - Charter Lift","robots":{"index":"index","follow":"follow","max-snippet":"max-snippet:-1","max-image-preview":"max-image-preview:large","max-video-preview":"max-video-preview:-1"},"canonical":"https:\/\/www.becker.w15l.t4n.io\/charterlift\/gebrauchte-used-machines\/","og_locale":"de_DE","og_type":"article","og_title":"Gebrauchte \/ used machine - Charter Lift","og_description":"CharterLift: &gt;&gt;&gt;&gt;&gt;&gt;&gt;&gt;&gt;&gt;CLICK HERE\u00a0 f\u00fcr\u00a0unsere Gebrauchten \/ to our\u00a0USED MACHINE&lt;&lt;&lt;&lt;&lt;&lt;&lt;&lt;&lt;&lt; &nbsp; Gebrauchtger\u00e4tekauf\u00a0ist immer auch\u00a0Vertrauenssache! Deshalb schauen wir schon beim Ankauf\u00a0genau hin. \u00a0\u00a0\u00a0 \u00a0\u00a0\u00a0 Wir pr\u00fcfen den Zustand der Ger\u00e4te sehr sorgf\u00e4ltig, damit wir den Preis und den Aufarbeitungsaufwand sowohl K\u00e4ufer wie auch\u00a0Verk\u00e4ufer, sachlich darlegen k\u00f6nnen. Unsere Kunden erwarten zurecht einen fairen Ankaufs- und einen marktgerechten Verkaufspreis. [&hellip;]","og_url":"https:\/\/www.becker.w15l.t4n.io\/charterlift\/gebrauchte-used-machines\/","og_site_name":"Charter Lift","article_modified_time":"2022-06-29T08:18:51+00:00","og_image":[{"url":"https:\/\/www.becker.w15l.t4n.io\/charterlift\/wp-content\/uploads\/2018\/02\/WT-220-2-1024x651.jpg"}],"twitter_card":"summary_large_image","twitter_misc":{"Gesch\u00e4tzte Lesezeit":"1\u00a0Minute"},"schema":{"@context":"https:\/\/schema.org","@graph":[{"@type":"WebPage","@id":"https:\/\/www.becker.w15l.t4n.io\/charterlift\/gebrauchte-used-machines\/","url":"https:\/\/www.becker.w15l.t4n.io\/charterlift\/gebrauchte-used-machines\/","name":"Gebrauchte \/ used machine - Charter Lift","isPartOf":{"@id":"https:\/\/www.becker.w15l.t4n.io\/charterlift\/#website"},"datePublished":"2015-12-14T12:24:43+00:00","dateModified":"2022-06-29T08:18:51+00:00","breadcrumb":{"@id":"https:\/\/www.becker.w15l.t4n.io\/charterlift\/gebrauchte-used-machines\/#breadcrumb"},"inLanguage":"de","potentialAction":[{"@type":"ReadAction","target":["https:\/\/www.becker.w15l.t4n.io\/charterlift\/gebrauchte-used-machines\/"]}]},{"@type":"BreadcrumbList","@id":"https:\/\/www.becker.w15l.t4n.io\/charterlift\/gebrauchte-used-machines\/#breadcrumb","itemListElement":[{"@type":"ListItem","position":1,"name":"Startseite","item":"https:\/\/www.becker.w15l.t4n.io\/charterlift\/"},{"@type":"ListItem","position":2,"name":"Gebrauchte \/ used machine"}]},{"@type":"WebSite","@id":"https:\/\/www.becker.w15l.t4n.io\/charterlift\/#website","url":"https:\/\/www.becker.w15l.t4n.io\/charterlift\/","name":"Charter Lift","description":"Systemdienstleister f\u00fcr modernste, mobile Zugangs- und Hebetechnik","publisher":{"@id":"https:\/\/www.becker.w15l.t4n.io\/charterlift\/#organization"},"potentialAction":[{"@type":"SearchAction","target":{"@type":"EntryPoint","urlTemplate":"https:\/\/www.becker.w15l.t4n.io\/charterlift\/?s={search_term_string}"},"query-input":"required name=search_term_string"}],"inLanguage":"de"},{"@type":"Organization","@id":"https:\/\/www.becker.w15l.t4n.io\/charterlift\/#organization","name":"CharterLift","url":"https:\/\/www.becker.w15l.t4n.io\/charterlift\/","sameAs":[],"logo":{"@type":"ImageObject","inLanguage":"de","@id":"https:\/\/www.becker.w15l.t4n.io\/charterlift\/#\/schema\/logo\/image\/","url":"https:\/\/www.becker.w15l.t4n.io\/charterlift\/wp-content\/uploads\/charterlift-logo.png","contentUrl":"https:\/\/www.becker.w15l.t4n.io\/charterlift\/wp-content\/uploads\/charterlift-logo.png","width":200,"height":131,"caption":"CharterLift"},"image":{"@id":"https:\/\/www.becker.w15l.t4n.io\/charterlift\/#\/schema\/logo\/image\/"}}]}},"_links":{"self":[{"href":"https:\/\/www.becker.w15l.t4n.io\/charterlift\/wp-json\/wp\/v2\/pages\/1336"}],"collection":[{"href":"https:\/\/www.becker.w15l.t4n.io\/charterlift\/wp-json\/wp\/v2\/pages"}],"about":[{"href":"https:\/\/www.becker.w15l.t4n.io\/charterlift\/wp-json\/wp\/v2\/types\/page"}],"author":[{"embeddable":true,"href":"https:\/\/www.becker.w15l.t4n.io\/charterlift\/wp-json\/wp\/v2\/users\/2"}],"replies":[{"embeddable":true,"href":"https:\/\/www.becker.w15l.t4n.io\/charterlift\/wp-json\/wp\/v2\/comments?post=1336"}],"version-history":[{"count":3,"href":"https:\/\/www.becker.w15l.t4n.io\/charterlift\/wp-json\/wp\/v2\/pages\/1336\/revisions"}],"predecessor-version":[{"id":2430,"href":"https:\/\/www.becker.w15l.t4n.io\/charterlift\/wp-json\/wp\/v2\/pages\/1336\/revisions\/2430"}],"wp:attachment":[{"href":"https:\/\/www.becker.w15l.t4n.io\/charterlift\/wp-json\/wp\/v2\/media?parent=1336"}],"curies":[{"name":"wp","href":"https:\/\/api.w.org\/{rel}","templated":true}]}}