{"id":1731,"date":"2017-09-26T07:25:44","date_gmt":"2017-09-26T07:25:44","guid":{"rendered":"https:\/\/www.becker.w15l.t4n.io\/charterlift\/?page_id=1731"},"modified":"2022-06-17T10:56:28","modified_gmt":"2022-06-17T08:56:28","slug":"marken-und-produkte","status":"publish","type":"page","link":"https:\/\/www.becker.w15l.t4n.io\/charterlift\/marken-und-produkte\/","title":{"rendered":"Marken und Produkte"},"content":{"rendered":"<h2 style=\"text-align: center;\"><strong><em>\u00a0 CharterLift<\/em><\/strong> vertritt &#8230;&#8230;<\/h2>\r\n<h3><strong><u>MULTITEL PAGLIERO<\/u><\/strong><\/h3>\r\n<p style=\"text-align: justify;\">bundesweit im Bereich der Kommunen, Energieversorger und Dienstleistern dieser Branche.<\/p>\r\n<p style=\"text-align: justify;\">Gebaut und produziert werden ca. 800 Ger\u00e4te pro Jahr in der 3,5 \u2013 6t Klasse\u00a0beim gr\u00f6\u00dften und \u00e4ltesten Hubb\u00fchnenhersteller Italiens, bei Multitel Pagliero in Manta. Im neugebauten, hochmodernen Werk fertigen Roboter und CNC Maschinen s\u00e4mtliche Aluminiumbauteile mit h\u00f6chster Pr\u00e4zision und Qualit\u00e4t f\u00fcr das 105 Jahre alte Familienunternehmen.<\/p>\r\n<img loading=\"lazy\" class=\"alignnone wp-image-1623\" src=\"https:\/\/www.becker.w15l.t4n.io\/charterlift\/wp-content\/uploads\/2017\/01\/20161116_115255-2-1024x600.jpg\" alt=\"\" width=\"580\" height=\"340\" srcset=\"https:\/\/www.becker.w15l.t4n.io\/charterlift\/wp-content\/uploads\/2017\/01\/20161116_115255-2-1024x600.jpg 1024w, https:\/\/www.becker.w15l.t4n.io\/charterlift\/wp-content\/uploads\/2017\/01\/20161116_115255-2-512x300.jpg 512w, https:\/\/www.becker.w15l.t4n.io\/charterlift\/wp-content\/uploads\/2017\/01\/20161116_115255-2-300x176.jpg 300w, https:\/\/www.becker.w15l.t4n.io\/charterlift\/wp-content\/uploads\/2017\/01\/20161116_115255-2-768x450.jpg 768w\" sizes=\"(max-width: 580px) 100vw, 580px\" \/>\u00a0\u00a0 <img loading=\"lazy\" class=\"alignnone wp-image-1760\" src=\"https:\/\/www.becker.w15l.t4n.io\/charterlift\/wp-content\/uploads\/2017\/09\/Multitel_mt182EXprincipale.jpg\" alt=\"\" width=\"521\" height=\"339\" srcset=\"https:\/\/www.becker.w15l.t4n.io\/charterlift\/wp-content\/uploads\/2017\/09\/Multitel_mt182EXprincipale.jpg 643w, https:\/\/www.becker.w15l.t4n.io\/charterlift\/wp-content\/uploads\/2017\/09\/Multitel_mt182EXprincipale-461x300.jpg 461w, https:\/\/www.becker.w15l.t4n.io\/charterlift\/wp-content\/uploads\/2017\/09\/Multitel_mt182EXprincipale-300x195.jpg 300w\" sizes=\"(max-width: 521px) 100vw, 521px\" \/>\r\n\r\n<img loading=\"lazy\" class=\"alignnone wp-image-2153\" src=\"https:\/\/www.becker.w15l.t4n.io\/charterlift\/wp-content\/uploads\/2018\/08\/MT-3-1024x605.jpg\" alt=\"\" width=\"748\" height=\"442\" srcset=\"https:\/\/www.becker.w15l.t4n.io\/charterlift\/wp-content\/uploads\/2018\/08\/MT-3-1024x605.jpg 1024w, https:\/\/www.becker.w15l.t4n.io\/charterlift\/wp-content\/uploads\/2018\/08\/MT-3-507x300.jpg 507w, https:\/\/www.becker.w15l.t4n.io\/charterlift\/wp-content\/uploads\/2018\/08\/MT-3-300x177.jpg 300w, https:\/\/www.becker.w15l.t4n.io\/charterlift\/wp-content\/uploads\/2018\/08\/MT-3-768x454.jpg 768w\" sizes=\"(max-width: 748px) 100vw, 748px\" \/>\u00a0\u00a0<img loading=\"lazy\" class=\"alignnone wp-image-2154\" src=\"https:\/\/www.becker.w15l.t4n.io\/charterlift\/wp-content\/uploads\/2018\/08\/MT-1-2-831x1024.jpg\" alt=\"\" width=\"357\" height=\"440\" srcset=\"https:\/\/www.becker.w15l.t4n.io\/charterlift\/wp-content\/uploads\/2018\/08\/MT-1-2-831x1024.jpg 831w, https:\/\/www.becker.w15l.t4n.io\/charterlift\/wp-content\/uploads\/2018\/08\/MT-1-2-243x300.jpg 243w, https:\/\/www.becker.w15l.t4n.io\/charterlift\/wp-content\/uploads\/2018\/08\/MT-1-2-768x947.jpg 768w, https:\/\/www.becker.w15l.t4n.io\/charterlift\/wp-content\/uploads\/2018\/08\/MT-1-2.jpg 1920w\" sizes=\"(max-width: 357px) 100vw, 357px\" \/>\r\n\r\n<img loading=\"lazy\" class=\"alignnone wp-image-2230\" src=\"https:\/\/www.becker.w15l.t4n.io\/charterlift\/wp-content\/uploads\/2018\/12\/1-1024x576.jpg\" alt=\"\" width=\"755\" height=\"425\" srcset=\"https:\/\/www.becker.w15l.t4n.io\/charterlift\/wp-content\/uploads\/2018\/12\/1-1024x576.jpg 1024w, https:\/\/www.becker.w15l.t4n.io\/charterlift\/wp-content\/uploads\/2018\/12\/1-533x300.jpg 533w, https:\/\/www.becker.w15l.t4n.io\/charterlift\/wp-content\/uploads\/2018\/12\/1-300x169.jpg 300w, https:\/\/www.becker.w15l.t4n.io\/charterlift\/wp-content\/uploads\/2018\/12\/1-768x432.jpg 768w\" sizes=\"(max-width: 755px) 100vw, 755px\" \/>\u00a0\u00a0 <img loading=\"lazy\" class=\"alignnone wp-image-2232\" src=\"https:\/\/www.becker.w15l.t4n.io\/charterlift\/wp-content\/uploads\/2018\/12\/20181201_141831-839x1024.jpg\" alt=\"\" width=\"348\" height=\"425\" srcset=\"https:\/\/www.becker.w15l.t4n.io\/charterlift\/wp-content\/uploads\/2018\/12\/20181201_141831-839x1024.jpg 839w, https:\/\/www.becker.w15l.t4n.io\/charterlift\/wp-content\/uploads\/2018\/12\/20181201_141831-246x300.jpg 246w, https:\/\/www.becker.w15l.t4n.io\/charterlift\/wp-content\/uploads\/2018\/12\/20181201_141831-768x938.jpg 768w, https:\/\/www.becker.w15l.t4n.io\/charterlift\/wp-content\/uploads\/2018\/12\/20181201_141831.jpg 1521w\" sizes=\"(max-width: 348px) 100vw, 348px\" \/>\r\n\r\n<img loading=\"lazy\" class=\"alignnone wp-image-2233\" src=\"https:\/\/www.becker.w15l.t4n.io\/charterlift\/wp-content\/uploads\/2018\/12\/20181201_142336-824x1024.jpg\" alt=\"\" width=\"343\" height=\"426\" srcset=\"https:\/\/www.becker.w15l.t4n.io\/charterlift\/wp-content\/uploads\/2018\/12\/20181201_142336-824x1024.jpg 824w, https:\/\/www.becker.w15l.t4n.io\/charterlift\/wp-content\/uploads\/2018\/12\/20181201_142336-241x300.jpg 241w, https:\/\/www.becker.w15l.t4n.io\/charterlift\/wp-content\/uploads\/2018\/12\/20181201_142336-768x954.jpg 768w, https:\/\/www.becker.w15l.t4n.io\/charterlift\/wp-content\/uploads\/2018\/12\/20181201_142336.jpg 1513w\" sizes=\"(max-width: 343px) 100vw, 343px\" \/>\u00a0\u00a0\u00a0\u00a0 <img loading=\"lazy\" class=\"alignnone wp-image-2234\" src=\"https:\/\/www.becker.w15l.t4n.io\/charterlift\/wp-content\/uploads\/2018\/12\/5-1024x576.jpg\" alt=\"\" width=\"756\" height=\"425\" srcset=\"https:\/\/www.becker.w15l.t4n.io\/charterlift\/wp-content\/uploads\/2018\/12\/5-1024x576.jpg 1024w, https:\/\/www.becker.w15l.t4n.io\/charterlift\/wp-content\/uploads\/2018\/12\/5-533x300.jpg 533w, https:\/\/www.becker.w15l.t4n.io\/charterlift\/wp-content\/uploads\/2018\/12\/5-300x169.jpg 300w, https:\/\/www.becker.w15l.t4n.io\/charterlift\/wp-content\/uploads\/2018\/12\/5-768x432.jpg 768w\" sizes=\"(max-width: 756px) 100vw, 756px\" \/>\r\n<p style=\"text-align: justify;\">H\u00f6chste\u00a0Flexibilit\u00e4t und maximalen Anwendernutzen bietet der in der<strong> 3,5 t Klasse einzigartige, teleskopierbare Korbarm<\/strong> mit freiem Arbeitsraum unter dem Korb bei 250 &#8211; 300 kg Korblast!<\/p>\r\n<p style=\"text-align: justify;\">Automatisches Aufstellen und Ausnivellieren, <strong>emissionsfreier Arbeitsbetrieb \u00fcber Batterie<\/strong>, Homefunktion, 1000 V Isolation,\u00a0variable Abst\u00fctzung, 4&#215;4 Chassis, Luft- und Wasseranschlu\u00df im Korb etc. \u2013 individuell nach Kundenwunsch konfiguriert <strong>zu einem attraktiven Preis- Leistungsverh\u00e4ltnis<\/strong>.<\/p>\r\n<p style=\"text-align: justify;\"><em><strong>Firmentrailer<\/strong><\/em> Multitel:<\/p>\r\n<p style=\"text-align: justify;\">\u00a0\u00a0\u00a0\u00a0\u00a0\u00a0\u00a0\u00a0\u00a0\u00a0\u00a0\u00a0\u00a0\u00a0\u00a0\u00a0\u00a0\u00a0\u00a0\u00a0\u00a0\u00a0\u00a0\u00a0\u00a0\u00a0\u00a0\u00a0\u00a0\u00a0\u00a0\u00a0\u00a0\u00a0\u00a0\u00a0\u00a0\u00a0\u00a0\u00a0\u00a0\u00a0\u00a0\u00a0\u00a0\u00a0\u00a0\u00a0\u00a0\u00a0\u00a0\u00a0\u00a0\u00a0\u00a0\u00a0\u00a0\u00a0\u00a0\u00a0\u00a0\u00a0\u00a0\u00a0\u00a0\u00a0 \u00a0\u00a0\u00a0\u00a0\u00a0\u00a0\u00a0\u00a0\u00a0\u00a0\u00a0\u00a0 <div class=\"BorlabsCookie _brlbs-cb-youtube\"><div class=\"_brlbs-content-blocker\"> <div class=\"_brlbs-embed _brlbs-video-youtube\"> <img class=\"_brlbs-thumbnail\" src=\"https:\/\/www.becker.w15l.t4n.io\/charterlift\/wp-content\/plugins\/borlabs-cookie\/assets\/images\/cb-no-thumbnail.png\" alt=\"YouTube\"> <div class=\"_brlbs-caption\"> <p>Mit dem Laden des Videos akzeptieren Sie die Datenschutzerkl\u00e4rung von YouTube.<br><a href=\"https:\/\/policies.google.com\/privacy\" target=\"_blank\" rel=\"nofollow noopener noreferrer\">Mehr erfahren<\/a><\/p> <p><a class=\"_brlbs-btn _brlbs-icon-play-white\" href=\"#\" data-borlabs-cookie-unblock role=\"button\">Video laden<\/a><\/p> <p><label><input type=\"checkbox\" name=\"unblockAll\" value=\"1\" checked> <small>YouTube immer entsperren<\/small><\/label><\/p> <\/div> <\/div> <\/div><div class=\"borlabs-hide\" data-borlabs-cookie-type=\"content-blocker\" data-borlabs-cookie-id=\"youtube\"><script type=\"text\/template\">PGlmcmFtZSBsb2FkaW5nPSJsYXp5IiBzcmM9Imh0dHBzOi8vd3d3LnlvdXR1YmUtbm9jb29raWUuY29tL2VtYmVkL2w1ZlptM21pQ2ZJIiB3aWR0aD0iNTYwIiBoZWlnaHQ9IjMxNCIgYWxsb3dmdWxsc2NyZWVuPSJhbGxvd2Z1bGxzY3JlZW4iIGRhdGEtbWNlLWZyYWdtZW50PSIxIj48L2lmcmFtZT48L3A+<\/script><\/div><\/div>\r\n\r\n<h3><\/h3>\r\nWir handeln weltweit mit gebrauchten und neuen BRONTO SKYLIFT Arbeitsb\u00fchnen\u00a0mit Arbeitsh\u00f6hen bis 112 mtr.\r\n<h3><strong><u>BRONTO SKYLIFT<\/u><\/strong><\/h3>\r\n<p style=\"text-align: justify;\">\u2026\u2026\u2026&#8230;\u00a0ist weltweit f\u00fchrend im Bereich anwenderorientierter Spitzentechnologie\u00a0bei Lkw-Hubarbeitsb\u00fchnen \u00fcber 50 mtr. und verf\u00fcgt \u00fcber ein globales Vertriebs- und Servicenetz mit einem au\u00dfergew\u00f6hnliche Qualit\u00e4tsversprechen\u00a0in Punkto Reaktionszeiten und &#8222;Vor-Ort-Service&#8220; (24\/7).\u00a0Der japanische Fahrzeugbaukonzern MORITA, als Eigent\u00fcmer von BRONTO SKYLIFT ,\u00a0legt ein besonderes Augenmerk auf h\u00f6chste Fertigungsqualit\u00e4t.<\/p>\r\n<img loading=\"lazy\" class=\"alignnone wp-image-1234\" src=\"https:\/\/www.becker.w15l.t4n.io\/charterlift\/wp-content\/uploads\/17.jpg\" alt=\"\" width=\"431\" height=\"301\" srcset=\"https:\/\/www.becker.w15l.t4n.io\/charterlift\/wp-content\/uploads\/17.jpg 2755w, https:\/\/www.becker.w15l.t4n.io\/charterlift\/wp-content\/uploads\/17-431x300.jpg 431w, https:\/\/www.becker.w15l.t4n.io\/charterlift\/wp-content\/uploads\/17-300x209.jpg 300w, https:\/\/www.becker.w15l.t4n.io\/charterlift\/wp-content\/uploads\/17-1024x714.jpg 1024w\" sizes=\"(max-width: 431px) 100vw, 431px\" \/>\u00a0\u00a0\u00a0<img loading=\"lazy\" class=\"alignnone wp-image-2238\" src=\"https:\/\/www.becker.w15l.t4n.io\/charterlift\/wp-content\/uploads\/2018\/12\/IMG_0196-2-831x1024.jpg\" alt=\"\" width=\"243\" height=\"299\" srcset=\"https:\/\/www.becker.w15l.t4n.io\/charterlift\/wp-content\/uploads\/2018\/12\/IMG_0196-2-831x1024.jpg 831w, https:\/\/www.becker.w15l.t4n.io\/charterlift\/wp-content\/uploads\/2018\/12\/IMG_0196-2-244x300.jpg 244w, https:\/\/www.becker.w15l.t4n.io\/charterlift\/wp-content\/uploads\/2018\/12\/IMG_0196-2-768x946.jpg 768w, https:\/\/www.becker.w15l.t4n.io\/charterlift\/wp-content\/uploads\/2018\/12\/IMG_0196-2.jpg 1920w\" sizes=\"(max-width: 243px) 100vw, 243px\" \/>\u00a0\u00a0 <img loading=\"lazy\" class=\"alignnone wp-image-1719\" src=\"https:\/\/www.becker.w15l.t4n.io\/charterlift\/wp-content\/uploads\/2014\/07\/20170529_081750.jpg\" alt=\"\" width=\"395\" height=\"296\" srcset=\"https:\/\/www.becker.w15l.t4n.io\/charterlift\/wp-content\/uploads\/2014\/07\/20170529_081750.jpg 2560w, https:\/\/www.becker.w15l.t4n.io\/charterlift\/wp-content\/uploads\/2014\/07\/20170529_081750-400x300.jpg 400w, https:\/\/www.becker.w15l.t4n.io\/charterlift\/wp-content\/uploads\/2014\/07\/20170529_081750-300x225.jpg 300w, https:\/\/www.becker.w15l.t4n.io\/charterlift\/wp-content\/uploads\/2014\/07\/20170529_081750-768x576.jpg 768w, https:\/\/www.becker.w15l.t4n.io\/charterlift\/wp-content\/uploads\/2014\/07\/20170529_081750-1024x768.jpg 1024w\" sizes=\"(max-width: 395px) 100vw, 395px\" \/>\r\n\r\nDie neue XR-Serie bietet eine Vielzahl innovativer Alleinstellungsmerkmale f\u00fcr h\u00f6chsten Anwendernutzen, erprobt im weltweiten, harten Arbeitsalltag. In Verbindung mit der Funkfernsteuerung und der &#8222;BoomWinde&#8220; wird das Ger\u00e4t zum &#8222;Mobilkran&#8220; mit <strong>Lasten 1.100 kg und einer Hakenh\u00f6he\u00a0von \u00fcber 50 mtr. bei\u00a0einer Ausladung von 20 mtr<\/strong>. &#8211; weltweit einmalig!\r\n\r\n<em><strong>YouTube Firmentrailer<\/strong> <\/em>BRONTO SKYLIFT XR Serie:\r\n\r\n<div class=\"BorlabsCookie _brlbs-cb-youtube\"><div class=\"_brlbs-content-blocker\"> <div class=\"_brlbs-embed _brlbs-video-youtube\"> <img class=\"_brlbs-thumbnail\" src=\"https:\/\/www.becker.w15l.t4n.io\/charterlift\/wp-content\/plugins\/borlabs-cookie\/assets\/images\/cb-no-thumbnail.png\" alt=\"YouTube\"> <div class=\"_brlbs-caption\"> <p>Mit dem Laden des Videos akzeptieren Sie die Datenschutzerkl\u00e4rung von YouTube.<br><a href=\"https:\/\/policies.google.com\/privacy\" target=\"_blank\" rel=\"nofollow noopener noreferrer\">Mehr erfahren<\/a><\/p> <p><a class=\"_brlbs-btn _brlbs-icon-play-white\" href=\"#\" data-borlabs-cookie-unblock role=\"button\">Video laden<\/a><\/p> <p><label><input type=\"checkbox\" name=\"unblockAll\" value=\"1\" checked> <small>YouTube immer entsperren<\/small><\/label><\/p> <\/div> <\/div> <\/div><div class=\"borlabs-hide\" data-borlabs-cookie-type=\"content-blocker\" data-borlabs-cookie-id=\"youtube\"><script type=\"text\/template\">PGlmcmFtZSB0aXRsZT0iQnJvbnRvIFNreWxpZnQgUy1YUiByYW5nZSIgd2lkdGg9IjUwMCIgaGVpZ2h0PSIyODEiIHNyYz0iaHR0cHM6Ly93d3cueW91dHViZS1ub2Nvb2tpZS5jb20vZW1iZWQvOV9wTlBURXdyV2c\/ZmVhdHVyZT1vZW1iZWQiIGZyYW1lYm9yZGVyPSIwIiBhbGxvdz0iYWNjZWxlcm9tZXRlcjsgYXV0b3BsYXk7IGNsaXBib2FyZC13cml0ZTsgZW5jcnlwdGVkLW1lZGlhOyBneXJvc2NvcGU7IHBpY3R1cmUtaW4tcGljdHVyZSIgYWxsb3dmdWxsc2NyZWVuPjwvaWZyYW1lPg==<\/script><\/div><\/div>\r\n\r\nNeben den Industrieger\u00e4ten, die \u00fcberwiegend von Vermietfirmen gekauft und eingesetzt werden,\u00a0ist\u00a0BRONTO SKYLIFT\u00a0 einer der erfolgreichsten Hersteller\u00a0von Hubrettungsb\u00fchnen bis 112 mtr. Arbeitsh\u00f6he.\r\n<p style=\"text-align: left;\"><img loading=\"lazy\" class=\"alignnone wp-image-1788\" src=\"https:\/\/www.becker.w15l.t4n.io\/charterlift\/wp-content\/uploads\/2017\/09\/20170506_160604-2.jpg\" alt=\"\" width=\"327\" height=\"552\" srcset=\"https:\/\/www.becker.w15l.t4n.io\/charterlift\/wp-content\/uploads\/2017\/09\/20170506_160604-2.jpg 1340w, https:\/\/www.becker.w15l.t4n.io\/charterlift\/wp-content\/uploads\/2017\/09\/20170506_160604-2-178x300.jpg 178w, https:\/\/www.becker.w15l.t4n.io\/charterlift\/wp-content\/uploads\/2017\/09\/20170506_160604-2-768x1294.jpg 768w, https:\/\/www.becker.w15l.t4n.io\/charterlift\/wp-content\/uploads\/2017\/09\/20170506_160604-2-608x1024.jpg 608w\" sizes=\"(max-width: 327px) 100vw, 327px\" \/>\u00a0\u00a0\u00a0\u00a0 \u00a0\u00a0<img loading=\"lazy\" class=\"alignnone wp-image-1789\" src=\"https:\/\/www.becker.w15l.t4n.io\/charterlift\/wp-content\/uploads\/2017\/09\/20170506_161340.jpg\" alt=\"\" width=\"735\" height=\"551\" srcset=\"https:\/\/www.becker.w15l.t4n.io\/charterlift\/wp-content\/uploads\/2017\/09\/20170506_161340.jpg 2560w, https:\/\/www.becker.w15l.t4n.io\/charterlift\/wp-content\/uploads\/2017\/09\/20170506_161340-400x300.jpg 400w, https:\/\/www.becker.w15l.t4n.io\/charterlift\/wp-content\/uploads\/2017\/09\/20170506_161340-300x225.jpg 300w, https:\/\/www.becker.w15l.t4n.io\/charterlift\/wp-content\/uploads\/2017\/09\/20170506_161340-768x576.jpg 768w, https:\/\/www.becker.w15l.t4n.io\/charterlift\/wp-content\/uploads\/2017\/09\/20170506_161340-1024x768.jpg 1024w\" sizes=\"(max-width: 735px) 100vw, 735px\" \/><\/p>\r\n<em><strong>YouTube Firmentrailer<\/strong><\/em> BRONTO SKYLIFT HLA Serie:\r\n\r\n<div class=\"BorlabsCookie _brlbs-cb-youtube\"><div class=\"_brlbs-content-blocker\"> <div class=\"_brlbs-embed _brlbs-video-youtube\"> <img class=\"_brlbs-thumbnail\" src=\"https:\/\/www.becker.w15l.t4n.io\/charterlift\/wp-content\/plugins\/borlabs-cookie\/assets\/images\/cb-no-thumbnail.png\" alt=\"YouTube\"> <div class=\"_brlbs-caption\"> <p>Mit dem Laden des Videos akzeptieren Sie die Datenschutzerkl\u00e4rung von YouTube.<br><a href=\"https:\/\/policies.google.com\/privacy\" target=\"_blank\" rel=\"nofollow noopener noreferrer\">Mehr erfahren<\/a><\/p> <p><a class=\"_brlbs-btn _brlbs-icon-play-white\" href=\"#\" data-borlabs-cookie-unblock role=\"button\">Video laden<\/a><\/p> <p><label><input type=\"checkbox\" name=\"unblockAll\" value=\"1\" checked> <small>YouTube immer entsperren<\/small><\/label><\/p> <\/div> <\/div> <\/div><div class=\"borlabs-hide\" data-borlabs-cookie-type=\"content-blocker\" data-borlabs-cookie-id=\"youtube\"><script type=\"text\/template\">PGlmcmFtZSB0aXRsZT0iRiAxMTIgSExBIC0gVWx0aW1hdGUgUmVhY2ggMjAxMSIgd2lkdGg9IjUwMCIgaGVpZ2h0PSIyODEiIHNyYz0iaHR0cHM6Ly93d3cueW91dHViZS1ub2Nvb2tpZS5jb20vZW1iZWQvNnlncjl2cGZEZGc\/ZmVhdHVyZT1vZW1iZWQiIGZyYW1lYm9yZGVyPSIwIiBhbGxvdz0iYWNjZWxlcm9tZXRlcjsgYXV0b3BsYXk7IGNsaXBib2FyZC13cml0ZTsgZW5jcnlwdGVkLW1lZGlhOyBneXJvc2NvcGU7IHBpY3R1cmUtaW4tcGljdHVyZSIgYWxsb3dmdWxsc2NyZWVuPjwvaWZyYW1lPg==<\/script><\/div><\/div>\r\n\r\n&nbsp;","protected":false},"excerpt":{"rendered":"<p>\u00a0 CharterLift vertritt &#8230;&#8230; MULTITEL PAGLIERO bundesweit im Bereich der Kommunen, Energieversorger und Dienstleistern dieser Branche. Gebaut und produziert werden ca. 800 Ger\u00e4te pro Jahr in der 3,5 \u2013 6t Klasse\u00a0beim gr\u00f6\u00dften und \u00e4ltesten Hubb\u00fchnenhersteller Italiens, bei Multitel Pagliero in Manta. Im neugebauten, hochmodernen Werk fertigen Roboter und CNC Maschinen s\u00e4mtliche Aluminiumbauteile mit h\u00f6chster Pr\u00e4zision [&hellip;]<\/p>\n","protected":false},"author":2,"featured_media":0,"parent":0,"menu_order":2,"comment_status":"closed","ping_status":"closed","template":"","meta":[],"yoast_head":"<!-- This site is optimized with the Yoast SEO plugin v19.6.1 - https:\/\/yoast.com\/wordpress\/plugins\/seo\/ -->\n<title>Marken und Produkte - Charter Lift<\/title>\n<meta name=\"robots\" content=\"index, follow, max-snippet:-1, max-image-preview:large, max-video-preview:-1\" \/>\n<link rel=\"canonical\" href=\"https:\/\/www.becker.w15l.t4n.io\/charterlift\/marken-und-produkte\/\" \/>\n<meta property=\"og:locale\" content=\"de_DE\" \/>\n<meta property=\"og:type\" content=\"article\" \/>\n<meta property=\"og:title\" content=\"Marken und Produkte - Charter Lift\" \/>\n<meta property=\"og:description\" content=\"\u00a0 CharterLift vertritt &#8230;&#8230; MULTITEL PAGLIERO bundesweit im Bereich der Kommunen, Energieversorger und Dienstleistern dieser Branche. Gebaut und produziert werden ca. 800 Ger\u00e4te pro Jahr in der 3,5 \u2013 6t Klasse\u00a0beim gr\u00f6\u00dften und \u00e4ltesten Hubb\u00fchnenhersteller Italiens, bei Multitel Pagliero in Manta. Im neugebauten, hochmodernen Werk fertigen Roboter und CNC Maschinen s\u00e4mtliche Aluminiumbauteile mit h\u00f6chster Pr\u00e4zision [&hellip;]\" \/>\n<meta property=\"og:url\" content=\"https:\/\/www.becker.w15l.t4n.io\/charterlift\/marken-und-produkte\/\" \/>\n<meta property=\"og:site_name\" content=\"Charter Lift\" \/>\n<meta property=\"article:modified_time\" content=\"2022-06-17T08:56:28+00:00\" \/>\n<meta property=\"og:image\" content=\"https:\/\/www.becker.w15l.t4n.io\/charterlift\/wp-content\/uploads\/2017\/01\/20161116_115255-2-1024x600.jpg\" \/>\n<meta name=\"twitter:card\" content=\"summary_large_image\" \/>\n<meta name=\"twitter:label1\" content=\"Gesch\u00e4tzte Lesezeit\" \/>\n\t<meta name=\"twitter:data1\" content=\"5\u00a0Minuten\" \/>\n<script type=\"application\/ld+json\" class=\"yoast-schema-graph\">{\"@context\":\"https:\/\/schema.org\",\"@graph\":[{\"@type\":\"WebPage\",\"@id\":\"https:\/\/www.becker.w15l.t4n.io\/charterlift\/marken-und-produkte\/\",\"url\":\"https:\/\/www.becker.w15l.t4n.io\/charterlift\/marken-und-produkte\/\",\"name\":\"Marken und Produkte - Charter Lift\",\"isPartOf\":{\"@id\":\"https:\/\/www.becker.w15l.t4n.io\/charterlift\/#website\"},\"datePublished\":\"2017-09-26T07:25:44+00:00\",\"dateModified\":\"2022-06-17T08:56:28+00:00\",\"breadcrumb\":{\"@id\":\"https:\/\/www.becker.w15l.t4n.io\/charterlift\/marken-und-produkte\/#breadcrumb\"},\"inLanguage\":\"de\",\"potentialAction\":[{\"@type\":\"ReadAction\",\"target\":[\"https:\/\/www.becker.w15l.t4n.io\/charterlift\/marken-und-produkte\/\"]}]},{\"@type\":\"BreadcrumbList\",\"@id\":\"https:\/\/www.becker.w15l.t4n.io\/charterlift\/marken-und-produkte\/#breadcrumb\",\"itemListElement\":[{\"@type\":\"ListItem\",\"position\":1,\"name\":\"Startseite\",\"item\":\"https:\/\/www.becker.w15l.t4n.io\/charterlift\/\"},{\"@type\":\"ListItem\",\"position\":2,\"name\":\"Marken und Produkte\"}]},{\"@type\":\"WebSite\",\"@id\":\"https:\/\/www.becker.w15l.t4n.io\/charterlift\/#website\",\"url\":\"https:\/\/www.becker.w15l.t4n.io\/charterlift\/\",\"name\":\"Charter Lift\",\"description\":\"Systemdienstleister f\u00fcr modernste, mobile Zugangs- und Hebetechnik\",\"publisher\":{\"@id\":\"https:\/\/www.becker.w15l.t4n.io\/charterlift\/#organization\"},\"potentialAction\":[{\"@type\":\"SearchAction\",\"target\":{\"@type\":\"EntryPoint\",\"urlTemplate\":\"https:\/\/www.becker.w15l.t4n.io\/charterlift\/?s={search_term_string}\"},\"query-input\":\"required name=search_term_string\"}],\"inLanguage\":\"de\"},{\"@type\":\"Organization\",\"@id\":\"https:\/\/www.becker.w15l.t4n.io\/charterlift\/#organization\",\"name\":\"CharterLift\",\"url\":\"https:\/\/www.becker.w15l.t4n.io\/charterlift\/\",\"sameAs\":[],\"logo\":{\"@type\":\"ImageObject\",\"inLanguage\":\"de\",\"@id\":\"https:\/\/www.becker.w15l.t4n.io\/charterlift\/#\/schema\/logo\/image\/\",\"url\":\"https:\/\/www.becker.w15l.t4n.io\/charterlift\/wp-content\/uploads\/charterlift-logo.png\",\"contentUrl\":\"https:\/\/www.becker.w15l.t4n.io\/charterlift\/wp-content\/uploads\/charterlift-logo.png\",\"width\":200,\"height\":131,\"caption\":\"CharterLift\"},\"image\":{\"@id\":\"https:\/\/www.becker.w15l.t4n.io\/charterlift\/#\/schema\/logo\/image\/\"}}]}<\/script>\n<!-- \/ Yoast SEO plugin. -->","yoast_head_json":{"title":"Marken und Produkte - Charter Lift","robots":{"index":"index","follow":"follow","max-snippet":"max-snippet:-1","max-image-preview":"max-image-preview:large","max-video-preview":"max-video-preview:-1"},"canonical":"https:\/\/www.becker.w15l.t4n.io\/charterlift\/marken-und-produkte\/","og_locale":"de_DE","og_type":"article","og_title":"Marken und Produkte - Charter Lift","og_description":"\u00a0 CharterLift vertritt &#8230;&#8230; MULTITEL PAGLIERO bundesweit im Bereich der Kommunen, Energieversorger und Dienstleistern dieser Branche. Gebaut und produziert werden ca. 800 Ger\u00e4te pro Jahr in der 3,5 \u2013 6t Klasse\u00a0beim gr\u00f6\u00dften und \u00e4ltesten Hubb\u00fchnenhersteller Italiens, bei Multitel Pagliero in Manta. Im neugebauten, hochmodernen Werk fertigen Roboter und CNC Maschinen s\u00e4mtliche Aluminiumbauteile mit h\u00f6chster Pr\u00e4zision [&hellip;]","og_url":"https:\/\/www.becker.w15l.t4n.io\/charterlift\/marken-und-produkte\/","og_site_name":"Charter Lift","article_modified_time":"2022-06-17T08:56:28+00:00","og_image":[{"url":"https:\/\/www.becker.w15l.t4n.io\/charterlift\/wp-content\/uploads\/2017\/01\/20161116_115255-2-1024x600.jpg"}],"twitter_card":"summary_large_image","twitter_misc":{"Gesch\u00e4tzte Lesezeit":"5\u00a0Minuten"},"schema":{"@context":"https:\/\/schema.org","@graph":[{"@type":"WebPage","@id":"https:\/\/www.becker.w15l.t4n.io\/charterlift\/marken-und-produkte\/","url":"https:\/\/www.becker.w15l.t4n.io\/charterlift\/marken-und-produkte\/","name":"Marken und Produkte - Charter Lift","isPartOf":{"@id":"https:\/\/www.becker.w15l.t4n.io\/charterlift\/#website"},"datePublished":"2017-09-26T07:25:44+00:00","dateModified":"2022-06-17T08:56:28+00:00","breadcrumb":{"@id":"https:\/\/www.becker.w15l.t4n.io\/charterlift\/marken-und-produkte\/#breadcrumb"},"inLanguage":"de","potentialAction":[{"@type":"ReadAction","target":["https:\/\/www.becker.w15l.t4n.io\/charterlift\/marken-und-produkte\/"]}]},{"@type":"BreadcrumbList","@id":"https:\/\/www.becker.w15l.t4n.io\/charterlift\/marken-und-produkte\/#breadcrumb","itemListElement":[{"@type":"ListItem","position":1,"name":"Startseite","item":"https:\/\/www.becker.w15l.t4n.io\/charterlift\/"},{"@type":"ListItem","position":2,"name":"Marken und Produkte"}]},{"@type":"WebSite","@id":"https:\/\/www.becker.w15l.t4n.io\/charterlift\/#website","url":"https:\/\/www.becker.w15l.t4n.io\/charterlift\/","name":"Charter Lift","description":"Systemdienstleister f\u00fcr modernste, mobile Zugangs- und Hebetechnik","publisher":{"@id":"https:\/\/www.becker.w15l.t4n.io\/charterlift\/#organization"},"potentialAction":[{"@type":"SearchAction","target":{"@type":"EntryPoint","urlTemplate":"https:\/\/www.becker.w15l.t4n.io\/charterlift\/?s={search_term_string}"},"query-input":"required name=search_term_string"}],"inLanguage":"de"},{"@type":"Organization","@id":"https:\/\/www.becker.w15l.t4n.io\/charterlift\/#organization","name":"CharterLift","url":"https:\/\/www.becker.w15l.t4n.io\/charterlift\/","sameAs":[],"logo":{"@type":"ImageObject","inLanguage":"de","@id":"https:\/\/www.becker.w15l.t4n.io\/charterlift\/#\/schema\/logo\/image\/","url":"https:\/\/www.becker.w15l.t4n.io\/charterlift\/wp-content\/uploads\/charterlift-logo.png","contentUrl":"https:\/\/www.becker.w15l.t4n.io\/charterlift\/wp-content\/uploads\/charterlift-logo.png","width":200,"height":131,"caption":"CharterLift"},"image":{"@id":"https:\/\/www.becker.w15l.t4n.io\/charterlift\/#\/schema\/logo\/image\/"}}]}},"_links":{"self":[{"href":"https:\/\/www.becker.w15l.t4n.io\/charterlift\/wp-json\/wp\/v2\/pages\/1731"}],"collection":[{"href":"https:\/\/www.becker.w15l.t4n.io\/charterlift\/wp-json\/wp\/v2\/pages"}],"about":[{"href":"https:\/\/www.becker.w15l.t4n.io\/charterlift\/wp-json\/wp\/v2\/types\/page"}],"author":[{"embeddable":true,"href":"https:\/\/www.becker.w15l.t4n.io\/charterlift\/wp-json\/wp\/v2\/users\/2"}],"replies":[{"embeddable":true,"href":"https:\/\/www.becker.w15l.t4n.io\/charterlift\/wp-json\/wp\/v2\/comments?post=1731"}],"version-history":[{"count":2,"href":"https:\/\/www.becker.w15l.t4n.io\/charterlift\/wp-json\/wp\/v2\/pages\/1731\/revisions"}],"predecessor-version":[{"id":2425,"href":"https:\/\/www.becker.w15l.t4n.io\/charterlift\/wp-json\/wp\/v2\/pages\/1731\/revisions\/2425"}],"wp:attachment":[{"href":"https:\/\/www.becker.w15l.t4n.io\/charterlift\/wp-json\/wp\/v2\/media?parent=1731"}],"curies":[{"name":"wp","href":"https:\/\/api.w.org\/{rel}","templated":true}]}}