{"id":1768,"date":"2017-09-26T07:46:34","date_gmt":"2017-09-26T07:46:34","guid":{"rendered":"https:\/\/www.becker.w15l.t4n.io\/charterlift\/?page_id=1768"},"modified":"2022-06-14T11:46:36","modified_gmt":"2022-06-14T09:46:36","slug":"service-2","status":"publish","type":"page","link":"https:\/\/www.becker.w15l.t4n.io\/charterlift\/service-2\/","title":{"rendered":"Service"},"content":{"rendered":"<strong>&#8230;&#8230;&#8230;&#8230;\u00a0ist mehr als Dienstleistung. Service ist eine Einstellung!<\/strong>\r\n\r\n<img loading=\"lazy\" class=\"alignnone wp-image-2129\" src=\"https:\/\/www.becker.w15l.t4n.io\/charterlift\/wp-content\/uploads\/2018\/07\/Neutral1-1024x545.jpg\" alt=\"\" width=\"498\" height=\"265\" srcset=\"https:\/\/www.becker.w15l.t4n.io\/charterlift\/wp-content\/uploads\/2018\/07\/Neutral1-1024x545.jpg 1024w, https:\/\/www.becker.w15l.t4n.io\/charterlift\/wp-content\/uploads\/2018\/07\/Neutral1-563x300.jpg 563w, https:\/\/www.becker.w15l.t4n.io\/charterlift\/wp-content\/uploads\/2018\/07\/Neutral1-300x160.jpg 300w, https:\/\/www.becker.w15l.t4n.io\/charterlift\/wp-content\/uploads\/2018\/07\/Neutral1-768x409.jpg 768w\" sizes=\"(max-width: 498px) 100vw, 498px\" \/>\u00a0\u00a0\u00a0\u00a0<img loading=\"lazy\" class=\"alignnone wp-image-2142\" src=\"https:\/\/www.becker.w15l.t4n.io\/charterlift\/wp-content\/uploads\/2018\/07\/20180731_155402-2-576x1024.jpg\" alt=\"\" width=\"150\" height=\"266\" srcset=\"https:\/\/www.becker.w15l.t4n.io\/charterlift\/wp-content\/uploads\/2018\/07\/20180731_155402-2-576x1024.jpg 576w, https:\/\/www.becker.w15l.t4n.io\/charterlift\/wp-content\/uploads\/2018\/07\/20180731_155402-2-169x300.jpg 169w, https:\/\/www.becker.w15l.t4n.io\/charterlift\/wp-content\/uploads\/2018\/07\/20180731_155402-2-768x1366.jpg 768w, https:\/\/www.becker.w15l.t4n.io\/charterlift\/wp-content\/uploads\/2018\/07\/20180731_155402-2.jpg 1587w\" sizes=\"(max-width: 150px) 100vw, 150px\" \/>\u00a0\u00a0\u00a0\u00a0<img loading=\"lazy\" class=\"alignnone wp-image-2227\" src=\"https:\/\/www.becker.w15l.t4n.io\/charterlift\/wp-content\/uploads\/2018\/11\/20181126_142911-1024x717.jpg\" alt=\"\" width=\"380\" height=\"266\" srcset=\"https:\/\/www.becker.w15l.t4n.io\/charterlift\/wp-content\/uploads\/2018\/11\/20181126_142911-1024x717.jpg 1024w, https:\/\/www.becker.w15l.t4n.io\/charterlift\/wp-content\/uploads\/2018\/11\/20181126_142911-429x300.jpg 429w, https:\/\/www.becker.w15l.t4n.io\/charterlift\/wp-content\/uploads\/2018\/11\/20181126_142911-300x210.jpg 300w, https:\/\/www.becker.w15l.t4n.io\/charterlift\/wp-content\/uploads\/2018\/11\/20181126_142911-768x537.jpg 768w, https:\/\/www.becker.w15l.t4n.io\/charterlift\/wp-content\/uploads\/2018\/11\/20181126_142911.jpg 1782w\" sizes=\"(max-width: 380px) 100vw, 380px\" \/>\r\n<p style=\"text-align: justify;\">Weil wir Wissen, wie wichtig f\u00fcr unsere Kunden die Ger\u00e4tesicherheit und\u00a0eine hohe Maschinenverf\u00fcgbarkeit\u00a0ist ,\u00a0schulen und trainieren wir alle K\u00e4ufer und Anwender intensiv auf Ihren Ger\u00e4ten und bilden uns selbst\u00a0permanent\u00a0fort.\u00a0F\u00fcr alle von uns vertriebenen Produkte und Fremdfabrikate bieten wir zusammen mit den Herstellern und unseren\u00a0<em><span style=\"color: #008000;\"><strong>Servicepartnern\u00a0(siehe untenstehende\u00a0Karte) <\/strong><\/span><\/em>einen umfassenden Service an.\u00a0Mit unseren neuen, modernen Service- und Werkstattwagen sind wir schnell und gut ger\u00fcstet vor Ort wenn Sie unsere Hilfe ben\u00f6tigen.<\/p>\r\n<img loading=\"lazy\" class=\"alignnone wp-image-2182\" src=\"https:\/\/www.becker.w15l.t4n.io\/charterlift\/wp-content\/uploads\/2018\/08\/20180116_151506-2-1024x768.jpg\" alt=\"\" width=\"502\" height=\"377\" srcset=\"https:\/\/www.becker.w15l.t4n.io\/charterlift\/wp-content\/uploads\/2018\/08\/20180116_151506-2-1024x768.jpg 1024w, https:\/\/www.becker.w15l.t4n.io\/charterlift\/wp-content\/uploads\/2018\/08\/20180116_151506-2-400x300.jpg 400w, https:\/\/www.becker.w15l.t4n.io\/charterlift\/wp-content\/uploads\/2018\/08\/20180116_151506-2-300x225.jpg 300w, https:\/\/www.becker.w15l.t4n.io\/charterlift\/wp-content\/uploads\/2018\/08\/20180116_151506-2-768x576.jpg 768w\" sizes=\"(max-width: 502px) 100vw, 502px\" \/>\u00a0\u00a0\u00a0\u00a0 <img loading=\"lazy\" class=\"alignnone wp-image-2183\" src=\"https:\/\/www.becker.w15l.t4n.io\/charterlift\/wp-content\/uploads\/2018\/08\/20180116_161130-2-1024x705.jpg\" alt=\"\" width=\"549\" height=\"378\" srcset=\"https:\/\/www.becker.w15l.t4n.io\/charterlift\/wp-content\/uploads\/2018\/08\/20180116_161130-2-1024x705.jpg 1024w, https:\/\/www.becker.w15l.t4n.io\/charterlift\/wp-content\/uploads\/2018\/08\/20180116_161130-2-436x300.jpg 436w, https:\/\/www.becker.w15l.t4n.io\/charterlift\/wp-content\/uploads\/2018\/08\/20180116_161130-2-300x207.jpg 300w, https:\/\/www.becker.w15l.t4n.io\/charterlift\/wp-content\/uploads\/2018\/08\/20180116_161130-2-768x529.jpg 768w\" sizes=\"(max-width: 549px) 100vw, 549px\" \/>\r\n<p style=\"text-align: justify;\">Durch langj\u00e4hrige Branchenerfahrung und umfangreiches technisches Wissen bieten wir neben den wiederkehrenden Pr\u00fcfungen nach DGUV 308-003 auch vorbeugenden Wartung- und Servicema\u00dfnahmen zur Minimierung von Stand- oder Ausfallzeiten an. Die \u00fcblichen Wartungs- und Servicearbeiten im Rahmen der j\u00e4hrlichen Pr\u00fcfungen f\u00fchren wir auf Wunsch gerne auch vor Ort durch.<\/p>\r\n&nbsp;\r\n<p style=\"text-align: justify;\">Unser erfahrenes Serviceteam\u00a0freut sich \u00fcber Ihre Anfragen unter<\/p>\r\n<p style=\"text-align: justify;\"><a href=\"service@charterlift.de\">service@charterlift.de<\/a> oder direkt \u00fcber Telefon <a href=\"tel:+4907344911350\"  style=\"color: #3366ff;\"><strong>+49 07344 91135-0.<\/strong><\/a><\/p>\r\n&nbsp;\r\n<p style=\"text-align: justify;\"><a href=\"https:\/\/www.becker.w15l.t4n.io\/charterlift\/wp-content\/uploads\/englsiche-flagge.png\"><img loading=\"lazy\" class=\" wp-image-1316 aligncenter\" src=\"https:\/\/www.becker.w15l.t4n.io\/charterlift\/wp-content\/uploads\/englsiche-flagge-300x180.png\" alt=\"englsiche flagge\" width=\"107\" height=\"64\" srcset=\"https:\/\/www.becker.w15l.t4n.io\/charterlift\/wp-content\/uploads\/englsiche-flagge-300x180.png 300w, https:\/\/www.becker.w15l.t4n.io\/charterlift\/wp-content\/uploads\/englsiche-flagge.png 400w\" sizes=\"(max-width: 107px) 100vw, 107px\" \/><\/a><\/p>\r\n\r\n<div id=\"AppleMailSignature\">With all our sales product\u00a0and also\u00a0machines from other manufacturers, we offer an exclusive service.<\/div>\r\n<div><\/div>\r\n<div><span id=\"result_box\" lang=\"en\">Thanks to many years of\u00a0access experience and extensive technical knowledge, we also offer preventive maintenance and service measures in addition to the usual inspections to minimize downtimes or downtimes.<\/span><span id=\"t-served-community-button\" class=\"trans-verified-button goog-toolbar-button\" role=\"button\" aria-hidden=\"true\"><\/span><\/div>\r\n<div><\/div>\r\n<div id=\"AppleMailSignature\">Our prices are fair and reasonable and we are looking forward to working with you.<\/div>\r\n<div><\/div>\r\n<div><em><strong><span style=\"color: #008000;\">Unsere Service Partner:<\/span><\/strong><\/em><\/div>","protected":false},"excerpt":{"rendered":"<p>&#8230;&#8230;&#8230;&#8230;\u00a0ist mehr als Dienstleistung. Service ist eine Einstellung! \u00a0\u00a0\u00a0\u00a0\u00a0\u00a0\u00a0\u00a0 Weil wir Wissen, wie wichtig f\u00fcr unsere Kunden die Ger\u00e4tesicherheit und\u00a0eine hohe Maschinenverf\u00fcgbarkeit\u00a0ist ,\u00a0schulen und trainieren wir alle K\u00e4ufer und Anwender intensiv auf Ihren Ger\u00e4ten und bilden uns selbst\u00a0permanent\u00a0fort.\u00a0F\u00fcr alle von uns vertriebenen Produkte und Fremdfabrikate bieten wir zusammen mit den Herstellern und unseren\u00a0Servicepartnern\u00a0(siehe untenstehende\u00a0Karte) einen [&hellip;]<\/p>\n","protected":false},"author":2,"featured_media":2110,"parent":0,"menu_order":3,"comment_status":"closed","ping_status":"closed","template":"","meta":[],"yoast_head":"<!-- This site is optimized with the Yoast SEO plugin v19.6.1 - https:\/\/yoast.com\/wordpress\/plugins\/seo\/ -->\n<title>Service - Charter Lift<\/title>\n<meta name=\"robots\" content=\"index, follow, max-snippet:-1, max-image-preview:large, max-video-preview:-1\" \/>\n<link rel=\"canonical\" href=\"https:\/\/www.becker.w15l.t4n.io\/charterlift\/service-2\/\" \/>\n<meta property=\"og:locale\" content=\"de_DE\" \/>\n<meta property=\"og:type\" content=\"article\" \/>\n<meta property=\"og:title\" content=\"Service - Charter Lift\" \/>\n<meta property=\"og:description\" content=\"&#8230;&#8230;&#8230;&#8230;\u00a0ist mehr als Dienstleistung. Service ist eine Einstellung! \u00a0\u00a0\u00a0\u00a0\u00a0\u00a0\u00a0\u00a0 Weil wir Wissen, wie wichtig f\u00fcr unsere Kunden die Ger\u00e4tesicherheit und\u00a0eine hohe Maschinenverf\u00fcgbarkeit\u00a0ist ,\u00a0schulen und trainieren wir alle K\u00e4ufer und Anwender intensiv auf Ihren Ger\u00e4ten und bilden uns selbst\u00a0permanent\u00a0fort.\u00a0F\u00fcr alle von uns vertriebenen Produkte und Fremdfabrikate bieten wir zusammen mit den Herstellern und unseren\u00a0Servicepartnern\u00a0(siehe untenstehende\u00a0Karte) einen [&hellip;]\" \/>\n<meta property=\"og:url\" content=\"https:\/\/www.becker.w15l.t4n.io\/charterlift\/service-2\/\" \/>\n<meta property=\"og:site_name\" content=\"Charter Lift\" \/>\n<meta property=\"article:modified_time\" content=\"2022-06-14T09:46:36+00:00\" \/>\n<meta property=\"og:image\" content=\"https:\/\/www.becker.w15l.t4n.io\/charterlift\/wp-content\/uploads\/2018\/07\/20180719_155826.jpg\" \/>\n\t<meta property=\"og:image:width\" content=\"3413\" \/>\n\t<meta property=\"og:image:height\" content=\"1920\" \/>\n\t<meta property=\"og:image:type\" content=\"image\/jpeg\" \/>\n<meta name=\"twitter:card\" content=\"summary_large_image\" \/>\n<meta name=\"twitter:label1\" content=\"Gesch\u00e4tzte Lesezeit\" \/>\n\t<meta name=\"twitter:data1\" content=\"1\u00a0Minute\" \/>\n<script type=\"application\/ld+json\" class=\"yoast-schema-graph\">{\"@context\":\"https:\/\/schema.org\",\"@graph\":[{\"@type\":\"WebPage\",\"@id\":\"https:\/\/www.becker.w15l.t4n.io\/charterlift\/service-2\/\",\"url\":\"https:\/\/www.becker.w15l.t4n.io\/charterlift\/service-2\/\",\"name\":\"Service - Charter Lift\",\"isPartOf\":{\"@id\":\"https:\/\/www.becker.w15l.t4n.io\/charterlift\/#website\"},\"datePublished\":\"2017-09-26T07:46:34+00:00\",\"dateModified\":\"2022-06-14T09:46:36+00:00\",\"breadcrumb\":{\"@id\":\"https:\/\/www.becker.w15l.t4n.io\/charterlift\/service-2\/#breadcrumb\"},\"inLanguage\":\"de\",\"potentialAction\":[{\"@type\":\"ReadAction\",\"target\":[\"https:\/\/www.becker.w15l.t4n.io\/charterlift\/service-2\/\"]}]},{\"@type\":\"BreadcrumbList\",\"@id\":\"https:\/\/www.becker.w15l.t4n.io\/charterlift\/service-2\/#breadcrumb\",\"itemListElement\":[{\"@type\":\"ListItem\",\"position\":1,\"name\":\"Startseite\",\"item\":\"https:\/\/www.becker.w15l.t4n.io\/charterlift\/\"},{\"@type\":\"ListItem\",\"position\":2,\"name\":\"Service\"}]},{\"@type\":\"WebSite\",\"@id\":\"https:\/\/www.becker.w15l.t4n.io\/charterlift\/#website\",\"url\":\"https:\/\/www.becker.w15l.t4n.io\/charterlift\/\",\"name\":\"Charter Lift\",\"description\":\"Systemdienstleister f\u00fcr modernste, mobile Zugangs- und Hebetechnik\",\"publisher\":{\"@id\":\"https:\/\/www.becker.w15l.t4n.io\/charterlift\/#organization\"},\"potentialAction\":[{\"@type\":\"SearchAction\",\"target\":{\"@type\":\"EntryPoint\",\"urlTemplate\":\"https:\/\/www.becker.w15l.t4n.io\/charterlift\/?s={search_term_string}\"},\"query-input\":\"required name=search_term_string\"}],\"inLanguage\":\"de\"},{\"@type\":\"Organization\",\"@id\":\"https:\/\/www.becker.w15l.t4n.io\/charterlift\/#organization\",\"name\":\"CharterLift\",\"url\":\"https:\/\/www.becker.w15l.t4n.io\/charterlift\/\",\"sameAs\":[],\"logo\":{\"@type\":\"ImageObject\",\"inLanguage\":\"de\",\"@id\":\"https:\/\/www.becker.w15l.t4n.io\/charterlift\/#\/schema\/logo\/image\/\",\"url\":\"https:\/\/www.becker.w15l.t4n.io\/charterlift\/wp-content\/uploads\/charterlift-logo.png\",\"contentUrl\":\"https:\/\/www.becker.w15l.t4n.io\/charterlift\/wp-content\/uploads\/charterlift-logo.png\",\"width\":200,\"height\":131,\"caption\":\"CharterLift\"},\"image\":{\"@id\":\"https:\/\/www.becker.w15l.t4n.io\/charterlift\/#\/schema\/logo\/image\/\"}}]}<\/script>\n<!-- \/ Yoast SEO plugin. -->","yoast_head_json":{"title":"Service - Charter Lift","robots":{"index":"index","follow":"follow","max-snippet":"max-snippet:-1","max-image-preview":"max-image-preview:large","max-video-preview":"max-video-preview:-1"},"canonical":"https:\/\/www.becker.w15l.t4n.io\/charterlift\/service-2\/","og_locale":"de_DE","og_type":"article","og_title":"Service - Charter Lift","og_description":"&#8230;&#8230;&#8230;&#8230;\u00a0ist mehr als Dienstleistung. Service ist eine Einstellung! \u00a0\u00a0\u00a0\u00a0\u00a0\u00a0\u00a0\u00a0 Weil wir Wissen, wie wichtig f\u00fcr unsere Kunden die Ger\u00e4tesicherheit und\u00a0eine hohe Maschinenverf\u00fcgbarkeit\u00a0ist ,\u00a0schulen und trainieren wir alle K\u00e4ufer und Anwender intensiv auf Ihren Ger\u00e4ten und bilden uns selbst\u00a0permanent\u00a0fort.\u00a0F\u00fcr alle von uns vertriebenen Produkte und Fremdfabrikate bieten wir zusammen mit den Herstellern und unseren\u00a0Servicepartnern\u00a0(siehe untenstehende\u00a0Karte) einen [&hellip;]","og_url":"https:\/\/www.becker.w15l.t4n.io\/charterlift\/service-2\/","og_site_name":"Charter Lift","article_modified_time":"2022-06-14T09:46:36+00:00","og_image":[{"width":3413,"height":1920,"url":"https:\/\/www.becker.w15l.t4n.io\/charterlift\/wp-content\/uploads\/2018\/07\/20180719_155826.jpg","type":"image\/jpeg"}],"twitter_card":"summary_large_image","twitter_misc":{"Gesch\u00e4tzte Lesezeit":"1\u00a0Minute"},"schema":{"@context":"https:\/\/schema.org","@graph":[{"@type":"WebPage","@id":"https:\/\/www.becker.w15l.t4n.io\/charterlift\/service-2\/","url":"https:\/\/www.becker.w15l.t4n.io\/charterlift\/service-2\/","name":"Service - Charter Lift","isPartOf":{"@id":"https:\/\/www.becker.w15l.t4n.io\/charterlift\/#website"},"datePublished":"2017-09-26T07:46:34+00:00","dateModified":"2022-06-14T09:46:36+00:00","breadcrumb":{"@id":"https:\/\/www.becker.w15l.t4n.io\/charterlift\/service-2\/#breadcrumb"},"inLanguage":"de","potentialAction":[{"@type":"ReadAction","target":["https:\/\/www.becker.w15l.t4n.io\/charterlift\/service-2\/"]}]},{"@type":"BreadcrumbList","@id":"https:\/\/www.becker.w15l.t4n.io\/charterlift\/service-2\/#breadcrumb","itemListElement":[{"@type":"ListItem","position":1,"name":"Startseite","item":"https:\/\/www.becker.w15l.t4n.io\/charterlift\/"},{"@type":"ListItem","position":2,"name":"Service"}]},{"@type":"WebSite","@id":"https:\/\/www.becker.w15l.t4n.io\/charterlift\/#website","url":"https:\/\/www.becker.w15l.t4n.io\/charterlift\/","name":"Charter Lift","description":"Systemdienstleister f\u00fcr modernste, mobile Zugangs- und Hebetechnik","publisher":{"@id":"https:\/\/www.becker.w15l.t4n.io\/charterlift\/#organization"},"potentialAction":[{"@type":"SearchAction","target":{"@type":"EntryPoint","urlTemplate":"https:\/\/www.becker.w15l.t4n.io\/charterlift\/?s={search_term_string}"},"query-input":"required name=search_term_string"}],"inLanguage":"de"},{"@type":"Organization","@id":"https:\/\/www.becker.w15l.t4n.io\/charterlift\/#organization","name":"CharterLift","url":"https:\/\/www.becker.w15l.t4n.io\/charterlift\/","sameAs":[],"logo":{"@type":"ImageObject","inLanguage":"de","@id":"https:\/\/www.becker.w15l.t4n.io\/charterlift\/#\/schema\/logo\/image\/","url":"https:\/\/www.becker.w15l.t4n.io\/charterlift\/wp-content\/uploads\/charterlift-logo.png","contentUrl":"https:\/\/www.becker.w15l.t4n.io\/charterlift\/wp-content\/uploads\/charterlift-logo.png","width":200,"height":131,"caption":"CharterLift"},"image":{"@id":"https:\/\/www.becker.w15l.t4n.io\/charterlift\/#\/schema\/logo\/image\/"}}]}},"_links":{"self":[{"href":"https:\/\/www.becker.w15l.t4n.io\/charterlift\/wp-json\/wp\/v2\/pages\/1768"}],"collection":[{"href":"https:\/\/www.becker.w15l.t4n.io\/charterlift\/wp-json\/wp\/v2\/pages"}],"about":[{"href":"https:\/\/www.becker.w15l.t4n.io\/charterlift\/wp-json\/wp\/v2\/types\/page"}],"author":[{"embeddable":true,"href":"https:\/\/www.becker.w15l.t4n.io\/charterlift\/wp-json\/wp\/v2\/users\/2"}],"replies":[{"embeddable":true,"href":"https:\/\/www.becker.w15l.t4n.io\/charterlift\/wp-json\/wp\/v2\/comments?post=1768"}],"version-history":[{"count":2,"href":"https:\/\/www.becker.w15l.t4n.io\/charterlift\/wp-json\/wp\/v2\/pages\/1768\/revisions"}],"predecessor-version":[{"id":2422,"href":"https:\/\/www.becker.w15l.t4n.io\/charterlift\/wp-json\/wp\/v2\/pages\/1768\/revisions\/2422"}],"wp:featuredmedia":[{"embeddable":true,"href":"https:\/\/www.becker.w15l.t4n.io\/charterlift\/wp-json\/wp\/v2\/media\/2110"}],"wp:attachment":[{"href":"https:\/\/www.becker.w15l.t4n.io\/charterlift\/wp-json\/wp\/v2\/media?parent=1768"}],"curies":[{"name":"wp","href":"https:\/\/api.w.org\/{rel}","templated":true}]}}