{"id":753,"date":"2014-07-22T19:58:08","date_gmt":"2014-07-22T19:58:08","guid":{"rendered":"https:\/\/www.becker.w15l.t4n.io\/charterlift\/ka-2014\/?page_id=753"},"modified":"2022-06-29T10:17:08","modified_gmt":"2022-06-29T08:17:08","slug":"firmensitz","status":"publish","type":"page","link":"https:\/\/www.becker.w15l.t4n.io\/charterlift\/firmensitz\/","title":{"rendered":"Firmensitz \/ Location"},"content":{"rendered":"<h1>Firmensitz \/ Location<\/h1>\r\n<p style=\"text-align: justify;\">Unser\u00a0Firmensitz befindet sich in einem\u00a0kleinen\u00a0Industriegebiet in zentraler Lage S\u00fcddeutschlands\u00a0unweit\u00a0der Autobahn 8 (Karlsruhe \u2013 M\u00fcnchen \u2013 Salzburg) Abfahrt Merklingen.\r\nDie Fahrzeit zum internationalen Flughafen Stuttgart betr\u00e4gt etwa 35\u00a0Minuten, zum ICE-Bahnhof Ulm ca. 15 Minuten.<\/p>\r\n<p style=\"text-align: justify;\"><span lang=\"DE-CH\">Dieser Standort ist\u00a0vielen Kunden seit Jahren bekannt\u00a0als\u00a0Betriebst\u00e4tte von BRONTO SKYLIFT Deutschland mit bester Infrastruktur f\u00fcr den Vertrieb und Service von Hubarbeitsb\u00fchnen bis\u00a0112 mtr. Arbeitsh\u00f6he.<\/span><\/p>\r\n<img loading=\"lazy\" class=\"alignnone wp-image-2107\" src=\"https:\/\/www.becker.w15l.t4n.io\/charterlift\/wp-content\/uploads\/2018\/07\/20171229_090405-1024x768.jpg\" alt=\"\" width=\"907\" height=\"681\" srcset=\"https:\/\/www.becker.w15l.t4n.io\/charterlift\/wp-content\/uploads\/2018\/07\/20171229_090405-1024x768.jpg 1024w, https:\/\/www.becker.w15l.t4n.io\/charterlift\/wp-content\/uploads\/2018\/07\/20171229_090405-400x300.jpg 400w, https:\/\/www.becker.w15l.t4n.io\/charterlift\/wp-content\/uploads\/2018\/07\/20171229_090405-300x225.jpg 300w, https:\/\/www.becker.w15l.t4n.io\/charterlift\/wp-content\/uploads\/2018\/07\/20171229_090405-768x576.jpg 768w\" sizes=\"(max-width: 907px) 100vw, 907px\" \/>\r\n<p style=\"text-align: justify;\">Wir haben\u00a0auf \u00fcber 3.500 qm Fl\u00e4che die \u00a0idealen Voraussetzungen um, zusammen mit unseren Partner, unsere Neu- und Gebrauchtmaschinen attraktiv\u00a0zu pr\u00e4sentieren und Ihnen\u00a0einen optimalen Service und intensive Schulungen im Bereich Arbeitssicherheit\u00a0\/ Hubarbeitsb\u00fchnen (gem. DGUV Grundsatz 308-008)\u00a0zu bieten.<\/p>\r\n<img loading=\"lazy\" class=\"alignnone wp-image-1870 \" src=\"https:\/\/www.becker.w15l.t4n.io\/charterlift\/wp-content\/uploads\/2018\/02\/6-1024x684.jpg\" alt=\"\" width=\"910\" height=\"608\" srcset=\"https:\/\/www.becker.w15l.t4n.io\/charterlift\/wp-content\/uploads\/2018\/02\/6-1024x684.jpg 1024w, https:\/\/www.becker.w15l.t4n.io\/charterlift\/wp-content\/uploads\/2018\/02\/6-449x300.jpg 449w, https:\/\/www.becker.w15l.t4n.io\/charterlift\/wp-content\/uploads\/2018\/02\/6-300x200.jpg 300w, https:\/\/www.becker.w15l.t4n.io\/charterlift\/wp-content\/uploads\/2018\/02\/6-768x513.jpg 768w\" sizes=\"(max-width: 910px) 100vw, 910px\" \/>\r\n\r\n<img loading=\"lazy\" class=\"alignnone wp-image-1869\" src=\"https:\/\/www.becker.w15l.t4n.io\/charterlift\/wp-content\/uploads\/2018\/02\/5-1024x745.jpg\" alt=\"\" width=\"911\" height=\"663\" srcset=\"https:\/\/www.becker.w15l.t4n.io\/charterlift\/wp-content\/uploads\/2018\/02\/5-1024x745.jpg 1024w, https:\/\/www.becker.w15l.t4n.io\/charterlift\/wp-content\/uploads\/2018\/02\/5-412x300.jpg 412w, https:\/\/www.becker.w15l.t4n.io\/charterlift\/wp-content\/uploads\/2018\/02\/5-300x218.jpg 300w, https:\/\/www.becker.w15l.t4n.io\/charterlift\/wp-content\/uploads\/2018\/02\/5-768x559.jpg 768w\" sizes=\"(max-width: 911px) 100vw, 911px\" \/>\r\n\r\n<img loading=\"lazy\" class=\"alignnone wp-image-2352\" src=\"https:\/\/www.becker.w15l.t4n.io\/charterlift\/wp-content\/uploads\/2020\/01\/IMG-20200111-WA0001-1024x582.jpg\" alt=\"\" width=\"905\" height=\"515\" srcset=\"https:\/\/www.becker.w15l.t4n.io\/charterlift\/wp-content\/uploads\/2020\/01\/IMG-20200111-WA0001-1024x582.jpg 1024w, https:\/\/www.becker.w15l.t4n.io\/charterlift\/wp-content\/uploads\/2020\/01\/IMG-20200111-WA0001-300x171.jpg 300w, https:\/\/www.becker.w15l.t4n.io\/charterlift\/wp-content\/uploads\/2020\/01\/IMG-20200111-WA0001-527x300.jpg 527w, https:\/\/www.becker.w15l.t4n.io\/charterlift\/wp-content\/uploads\/2020\/01\/IMG-20200111-WA0001-768x437.jpg 768w, https:\/\/www.becker.w15l.t4n.io\/charterlift\/wp-content\/uploads\/2020\/01\/IMG-20200111-WA0001.jpg 1097w\" sizes=\"(max-width: 905px) 100vw, 905px\" \/>\r\n\r\nSchauen Sie vorbei \u2013 wir freuen uns auf Ihren Besuch!\r\n\r\n&nbsp;\r\n\r\n<a href=\"https:\/\/www.becker.w15l.t4n.io\/charterlift\/wp-content\/uploads\/englsiche-flagge.png\"><img loading=\"lazy\" class=\" wp-image-1316 aligncenter\" src=\"https:\/\/www.becker.w15l.t4n.io\/charterlift\/wp-content\/uploads\/englsiche-flagge-300x180.png\" alt=\"englsiche flagge\" width=\"103\" height=\"62\" srcset=\"https:\/\/www.becker.w15l.t4n.io\/charterlift\/wp-content\/uploads\/englsiche-flagge-300x180.png 300w, https:\/\/www.becker.w15l.t4n.io\/charterlift\/wp-content\/uploads\/englsiche-flagge.png 400w\" sizes=\"(max-width: 103px) 100vw, 103px\" \/><\/a>\r\n<div id=\"AppleMailSignature\" style=\"text-align: justify;\">We are located in\u00a0a small\u00a0industrial area in the heart\u00a0of Southern Germany close to Ulm and the Highway A8\u00a0that links Stuttgart &#8211; Munich &#8211; Salzburg. Travel to the international airport in Stuttgart takes only 35 minutes, to the h<span id=\"result_box\" class=\"short_text\" lang=\"en\">igh-speed train station Ulm only 15 minutes. <\/span><\/div>\r\n<div><\/div>\r\n<div style=\"text-align: justify;\"><span id=\"result_box\" lang=\"en\">Here we have the ideal conditions to present our new and used machines attractively and to offer you an optimal Service. <\/span><\/div>\r\n<div><\/div>\r\n<div style=\"text-align: justify;\"><span id=\"result_box\" lang=\"en\">Stop by &#8211; we look forward to your visit!<span id=\"t-served-community-button\" class=\"trans-verified-button goog-toolbar-button\" role=\"button\" aria-hidden=\"true\"><\/span><\/span><span id=\"t-served-community-button\" class=\"trans-verified-button goog-toolbar-button\" role=\"button\" aria-hidden=\"true\"><\/span><\/div>","protected":false},"excerpt":{"rendered":"<p>Firmensitz \/ Location Unser\u00a0Firmensitz befindet sich in einem\u00a0kleinen\u00a0Industriegebiet in zentraler Lage S\u00fcddeutschlands\u00a0unweit\u00a0der Autobahn 8 (Karlsruhe \u2013 M\u00fcnchen \u2013 Salzburg) Abfahrt Merklingen. Die Fahrzeit zum internationalen Flughafen Stuttgart betr\u00e4gt etwa 35\u00a0Minuten, zum ICE-Bahnhof Ulm ca. 15 Minuten. Dieser Standort ist\u00a0vielen Kunden seit Jahren bekannt\u00a0als\u00a0Betriebst\u00e4tte von BRONTO SKYLIFT Deutschland mit bester Infrastruktur f\u00fcr den Vertrieb und Service [&hellip;]<\/p>\n","protected":false},"author":2,"featured_media":0,"parent":0,"menu_order":1,"comment_status":"closed","ping_status":"closed","template":"","meta":[],"yoast_head":"<!-- This site is optimized with the Yoast SEO plugin v19.6.1 - https:\/\/yoast.com\/wordpress\/plugins\/seo\/ -->\n<title>Firmensitz \/ Location - Charter Lift<\/title>\n<meta name=\"robots\" content=\"index, follow, max-snippet:-1, max-image-preview:large, max-video-preview:-1\" \/>\n<link rel=\"canonical\" href=\"https:\/\/www.becker.w15l.t4n.io\/charterlift\/firmensitz\/\" \/>\n<meta property=\"og:locale\" content=\"de_DE\" \/>\n<meta property=\"og:type\" content=\"article\" \/>\n<meta property=\"og:title\" content=\"Firmensitz \/ Location - Charter Lift\" \/>\n<meta property=\"og:description\" content=\"Firmensitz \/ Location Unser\u00a0Firmensitz befindet sich in einem\u00a0kleinen\u00a0Industriegebiet in zentraler Lage S\u00fcddeutschlands\u00a0unweit\u00a0der Autobahn 8 (Karlsruhe \u2013 M\u00fcnchen \u2013 Salzburg) Abfahrt Merklingen. Die Fahrzeit zum internationalen Flughafen Stuttgart betr\u00e4gt etwa 35\u00a0Minuten, zum ICE-Bahnhof Ulm ca. 15 Minuten. Dieser Standort ist\u00a0vielen Kunden seit Jahren bekannt\u00a0als\u00a0Betriebst\u00e4tte von BRONTO SKYLIFT Deutschland mit bester Infrastruktur f\u00fcr den Vertrieb und Service [&hellip;]\" \/>\n<meta property=\"og:url\" content=\"https:\/\/www.becker.w15l.t4n.io\/charterlift\/firmensitz\/\" \/>\n<meta property=\"og:site_name\" content=\"Charter Lift\" \/>\n<meta property=\"article:modified_time\" content=\"2022-06-29T08:17:08+00:00\" \/>\n<meta property=\"og:image\" content=\"https:\/\/www.becker.w15l.t4n.io\/charterlift\/wp-content\/uploads\/2018\/07\/20171229_090405-1024x768.jpg\" \/>\n<meta name=\"twitter:card\" content=\"summary_large_image\" \/>\n<meta name=\"twitter:label1\" content=\"Gesch\u00e4tzte Lesezeit\" \/>\n\t<meta name=\"twitter:data1\" content=\"3\u00a0Minuten\" \/>\n<script type=\"application\/ld+json\" class=\"yoast-schema-graph\">{\"@context\":\"https:\/\/schema.org\",\"@graph\":[{\"@type\":\"WebPage\",\"@id\":\"https:\/\/www.becker.w15l.t4n.io\/charterlift\/firmensitz\/\",\"url\":\"https:\/\/www.becker.w15l.t4n.io\/charterlift\/firmensitz\/\",\"name\":\"Firmensitz \/ Location - Charter Lift\",\"isPartOf\":{\"@id\":\"https:\/\/www.becker.w15l.t4n.io\/charterlift\/#website\"},\"datePublished\":\"2014-07-22T19:58:08+00:00\",\"dateModified\":\"2022-06-29T08:17:08+00:00\",\"breadcrumb\":{\"@id\":\"https:\/\/www.becker.w15l.t4n.io\/charterlift\/firmensitz\/#breadcrumb\"},\"inLanguage\":\"de\",\"potentialAction\":[{\"@type\":\"ReadAction\",\"target\":[\"https:\/\/www.becker.w15l.t4n.io\/charterlift\/firmensitz\/\"]}]},{\"@type\":\"BreadcrumbList\",\"@id\":\"https:\/\/www.becker.w15l.t4n.io\/charterlift\/firmensitz\/#breadcrumb\",\"itemListElement\":[{\"@type\":\"ListItem\",\"position\":1,\"name\":\"Startseite\",\"item\":\"https:\/\/www.becker.w15l.t4n.io\/charterlift\/\"},{\"@type\":\"ListItem\",\"position\":2,\"name\":\"Firmensitz \/ Location\"}]},{\"@type\":\"WebSite\",\"@id\":\"https:\/\/www.becker.w15l.t4n.io\/charterlift\/#website\",\"url\":\"https:\/\/www.becker.w15l.t4n.io\/charterlift\/\",\"name\":\"Charter Lift\",\"description\":\"Systemdienstleister f\u00fcr modernste, mobile Zugangs- und Hebetechnik\",\"publisher\":{\"@id\":\"https:\/\/www.becker.w15l.t4n.io\/charterlift\/#organization\"},\"potentialAction\":[{\"@type\":\"SearchAction\",\"target\":{\"@type\":\"EntryPoint\",\"urlTemplate\":\"https:\/\/www.becker.w15l.t4n.io\/charterlift\/?s={search_term_string}\"},\"query-input\":\"required name=search_term_string\"}],\"inLanguage\":\"de\"},{\"@type\":\"Organization\",\"@id\":\"https:\/\/www.becker.w15l.t4n.io\/charterlift\/#organization\",\"name\":\"CharterLift\",\"url\":\"https:\/\/www.becker.w15l.t4n.io\/charterlift\/\",\"sameAs\":[],\"logo\":{\"@type\":\"ImageObject\",\"inLanguage\":\"de\",\"@id\":\"https:\/\/www.becker.w15l.t4n.io\/charterlift\/#\/schema\/logo\/image\/\",\"url\":\"https:\/\/www.becker.w15l.t4n.io\/charterlift\/wp-content\/uploads\/charterlift-logo.png\",\"contentUrl\":\"https:\/\/www.becker.w15l.t4n.io\/charterlift\/wp-content\/uploads\/charterlift-logo.png\",\"width\":200,\"height\":131,\"caption\":\"CharterLift\"},\"image\":{\"@id\":\"https:\/\/www.becker.w15l.t4n.io\/charterlift\/#\/schema\/logo\/image\/\"}}]}<\/script>\n<!-- \/ Yoast SEO plugin. -->","yoast_head_json":{"title":"Firmensitz \/ Location - Charter Lift","robots":{"index":"index","follow":"follow","max-snippet":"max-snippet:-1","max-image-preview":"max-image-preview:large","max-video-preview":"max-video-preview:-1"},"canonical":"https:\/\/www.becker.w15l.t4n.io\/charterlift\/firmensitz\/","og_locale":"de_DE","og_type":"article","og_title":"Firmensitz \/ Location - Charter Lift","og_description":"Firmensitz \/ Location Unser\u00a0Firmensitz befindet sich in einem\u00a0kleinen\u00a0Industriegebiet in zentraler Lage S\u00fcddeutschlands\u00a0unweit\u00a0der Autobahn 8 (Karlsruhe \u2013 M\u00fcnchen \u2013 Salzburg) Abfahrt Merklingen. Die Fahrzeit zum internationalen Flughafen Stuttgart betr\u00e4gt etwa 35\u00a0Minuten, zum ICE-Bahnhof Ulm ca. 15 Minuten. Dieser Standort ist\u00a0vielen Kunden seit Jahren bekannt\u00a0als\u00a0Betriebst\u00e4tte von BRONTO SKYLIFT Deutschland mit bester Infrastruktur f\u00fcr den Vertrieb und Service [&hellip;]","og_url":"https:\/\/www.becker.w15l.t4n.io\/charterlift\/firmensitz\/","og_site_name":"Charter Lift","article_modified_time":"2022-06-29T08:17:08+00:00","og_image":[{"url":"https:\/\/www.becker.w15l.t4n.io\/charterlift\/wp-content\/uploads\/2018\/07\/20171229_090405-1024x768.jpg"}],"twitter_card":"summary_large_image","twitter_misc":{"Gesch\u00e4tzte Lesezeit":"3\u00a0Minuten"},"schema":{"@context":"https:\/\/schema.org","@graph":[{"@type":"WebPage","@id":"https:\/\/www.becker.w15l.t4n.io\/charterlift\/firmensitz\/","url":"https:\/\/www.becker.w15l.t4n.io\/charterlift\/firmensitz\/","name":"Firmensitz \/ Location - Charter Lift","isPartOf":{"@id":"https:\/\/www.becker.w15l.t4n.io\/charterlift\/#website"},"datePublished":"2014-07-22T19:58:08+00:00","dateModified":"2022-06-29T08:17:08+00:00","breadcrumb":{"@id":"https:\/\/www.becker.w15l.t4n.io\/charterlift\/firmensitz\/#breadcrumb"},"inLanguage":"de","potentialAction":[{"@type":"ReadAction","target":["https:\/\/www.becker.w15l.t4n.io\/charterlift\/firmensitz\/"]}]},{"@type":"BreadcrumbList","@id":"https:\/\/www.becker.w15l.t4n.io\/charterlift\/firmensitz\/#breadcrumb","itemListElement":[{"@type":"ListItem","position":1,"name":"Startseite","item":"https:\/\/www.becker.w15l.t4n.io\/charterlift\/"},{"@type":"ListItem","position":2,"name":"Firmensitz \/ Location"}]},{"@type":"WebSite","@id":"https:\/\/www.becker.w15l.t4n.io\/charterlift\/#website","url":"https:\/\/www.becker.w15l.t4n.io\/charterlift\/","name":"Charter Lift","description":"Systemdienstleister f\u00fcr modernste, mobile Zugangs- und Hebetechnik","publisher":{"@id":"https:\/\/www.becker.w15l.t4n.io\/charterlift\/#organization"},"potentialAction":[{"@type":"SearchAction","target":{"@type":"EntryPoint","urlTemplate":"https:\/\/www.becker.w15l.t4n.io\/charterlift\/?s={search_term_string}"},"query-input":"required name=search_term_string"}],"inLanguage":"de"},{"@type":"Organization","@id":"https:\/\/www.becker.w15l.t4n.io\/charterlift\/#organization","name":"CharterLift","url":"https:\/\/www.becker.w15l.t4n.io\/charterlift\/","sameAs":[],"logo":{"@type":"ImageObject","inLanguage":"de","@id":"https:\/\/www.becker.w15l.t4n.io\/charterlift\/#\/schema\/logo\/image\/","url":"https:\/\/www.becker.w15l.t4n.io\/charterlift\/wp-content\/uploads\/charterlift-logo.png","contentUrl":"https:\/\/www.becker.w15l.t4n.io\/charterlift\/wp-content\/uploads\/charterlift-logo.png","width":200,"height":131,"caption":"CharterLift"},"image":{"@id":"https:\/\/www.becker.w15l.t4n.io\/charterlift\/#\/schema\/logo\/image\/"}}]}},"_links":{"self":[{"href":"https:\/\/www.becker.w15l.t4n.io\/charterlift\/wp-json\/wp\/v2\/pages\/753"}],"collection":[{"href":"https:\/\/www.becker.w15l.t4n.io\/charterlift\/wp-json\/wp\/v2\/pages"}],"about":[{"href":"https:\/\/www.becker.w15l.t4n.io\/charterlift\/wp-json\/wp\/v2\/types\/page"}],"author":[{"embeddable":true,"href":"https:\/\/www.becker.w15l.t4n.io\/charterlift\/wp-json\/wp\/v2\/users\/2"}],"replies":[{"embeddable":true,"href":"https:\/\/www.becker.w15l.t4n.io\/charterlift\/wp-json\/wp\/v2\/comments?post=753"}],"version-history":[{"count":2,"href":"https:\/\/www.becker.w15l.t4n.io\/charterlift\/wp-json\/wp\/v2\/pages\/753\/revisions"}],"predecessor-version":[{"id":2427,"href":"https:\/\/www.becker.w15l.t4n.io\/charterlift\/wp-json\/wp\/v2\/pages\/753\/revisions\/2427"}],"wp:attachment":[{"href":"https:\/\/www.becker.w15l.t4n.io\/charterlift\/wp-json\/wp\/v2\/media?parent=753"}],"curies":[{"name":"wp","href":"https:\/\/api.w.org\/{rel}","templated":true}]}}